{"id":939,"date":"2017-01-10T14:57:05","date_gmt":"2017-01-10T14:57:05","guid":{"rendered":"http:\/\/www.llarseltemple.org\/que-hacemos\/memorias-anuales\/"},"modified":"2026-03-19T15:36:37","modified_gmt":"2026-03-19T15:36:37","slug":"memories-anuals","status":"publish","type":"page","link":"https:\/\/www.llarseltemple.org\/ca\/que-fem\/memories-anuals\/","title":{"rendered":"Mem\u00f2ries anuals"},"content":{"rendered":"<div class=\"wpb-content-wrapper\"><p>[vc_row css_animation=&#8221;&#8221; row_type=&#8221;row&#8221; use_row_as_full_screen_section=&#8221;no&#8221; type=&#8221;full_width&#8221; angled_section=&#8221;no&#8221; text_align=&#8221;left&#8221; background_image_as_pattern=&#8221;without_pattern&#8221;][vc_column width=&#8221;1\/4&#8243;][vc_empty_space height=&#8221;120px&#8221;][vc_widget_sidebar sidebar_id=&#8221;Que_hacemos&#8221; el_class=&#8221;menu_lateral&#8221;][\/vc_column][vc_column width=&#8221;3\/4&#8243;][vc_empty_space height=&#8221;60px&#8221;][vc_column_text]<\/p>\n<h2 style=\"text-align: left;\">Mem\u00f2ries anuales<\/h2>\n<h3><\/h3>\n<h3><\/h3>\n<p>[\/vc_column_text][vc_empty_space height=&#8221;20px&#8221;][vc_row_inner row_type=&#8221;row&#8221; type=&#8221;full_width&#8221; text_align=&#8221;left&#8221; css_animation=&#8221;&#8221;][vc_column_inner width=&#8221;1\/4&#8243;][vc_single_image image=&#8221;1646&#8243; img_size=&#8221;full&#8221; onclick=&#8221;custom_link&#8221; img_link_target=&#8221;_blank&#8221; css=&#8221;&#8221; qode_css_animation=&#8221;element_from_fade&#8221; qode_hover_animation=&#8221;zoom_in&#8221; link=&#8221;https:\/\/www.llarseltemple.org\/wp-content\/uploads\/2026\/03\/MEMORIA-2025.pdf&#8221;][vc_empty_space][vc_column_text css=&#8221;&#8221;]<\/p>\n<h4>Mem\u00f2ria anual 2025<\/h4>\n<p><a href=\"https:\/\/www.llarseltemple.org\/wp-content\/uploads\/2026\/03\/MEMORIA-2025.pdf\" target=\"_blank\" rel=\"noopener\">Descarregar PDF<\/a>[\/vc_column_text][vc_empty_space height=&#8221;20px&#8221;][\/vc_column_inner][vc_column_inner width=&#8221;1\/4&#8243;][vc_single_image image=&#8221;1457&#8243; img_size=&#8221;full&#8221; onclick=&#8221;custom_link&#8221; img_link_target=&#8221;_blank&#8221; css=&#8221;&#8221; qode_css_animation=&#8221;element_from_fade&#8221; qode_hover_animation=&#8221;zoom_in&#8221; link=&#8221;https:\/\/www.llarseltemple.org\/wp-content\/uploads\/2025\/03\/MEMORIA-2024-llars-el-temple.pdf&#8221;][vc_empty_space][vc_column_text css=&#8221;&#8221;]<\/p>\n<h4>Mem\u00f2ria anual 2024<\/h4>\n<p><a href=\"https:\/\/www.llarseltemple.org\/wp-content\/uploads\/2025\/03\/MEMORIA-2024-llars-el-temple.pdf\" target=\"_blank\" rel=\"noopener\">Descarregar PDF<\/a>[\/vc_column_text][vc_empty_space height=&#8221;20px&#8221;][\/vc_column_inner][vc_column_inner width=&#8221;1\/4&#8243;][vc_single_image image=&#8221;1425&#8243; img_size=&#8221;full&#8221; onclick=&#8221;custom_link&#8221; img_link_target=&#8221;_blank&#8221; qode_css_animation=&#8221;element_from_fade&#8221; qode_hover_animation=&#8221;zoom_in&#8221; link=&#8221;https:\/\/www.llarseltemple.org\/wp-content\/uploads\/2024\/04\/MEMORIA_LLARS-EL-TEMPLE_2023.pdf&#8221;][vc_empty_space][vc_column_text]<\/p>\n<h4>Mem\u00f2ria anual 2023<\/h4>\n<p><a href=\"https:\/\/www.llarseltemple.org\/wp-content\/uploads\/2024\/04\/MEMORIA_LLARS-EL-TEMPLE_2023.pdf\" target=\"_blank\" rel=\"noopener\">Descarregar PDF<\/a>[\/vc_column_text][vc_empty_space height=&#8221;20px&#8221;][\/vc_column_inner][vc_column_inner width=&#8221;1\/4&#8243;][\/vc_column_inner][\/vc_row_inner][vc_empty_space height=&#8221;20px&#8221;][vc_row_inner row_type=&#8221;row&#8221; type=&#8221;full_width&#8221; text_align=&#8221;left&#8221; css_animation=&#8221;&#8221;][vc_column_inner width=&#8221;1\/4&#8243;][vc_single_image image=&#8221;1415&#8243; img_size=&#8221;full&#8221; onclick=&#8221;custom_link&#8221; img_link_target=&#8221;_blank&#8221; qode_css_animation=&#8221;element_from_fade&#8221; qode_hover_animation=&#8221;zoom_in&#8221; link=&#8221;https:\/\/www.llarseltemple.org\/wp-content\/uploads\/2023\/03\/MEMORIA-2022-llars-el-temple.pdf&#8221;][vc_empty_space][vc_column_text]<\/p>\n<h4>Mem\u00f2ria anual 2022<\/h4>\n<p><a href=\"https:\/\/www.llarseltemple.org\/wp-content\/uploads\/2023\/03\/MEMORIA-2022-llars-el-temple.pdf\" target=\"_blank\" rel=\"noopener\">Descarregar PDF<\/a>[\/vc_column_text][vc_empty_space height=&#8221;20px&#8221;][\/vc_column_inner][vc_column_inner width=&#8221;1\/4&#8243;][vc_single_image image=&#8221;1321&#8243; img_size=&#8221;full&#8221; onclick=&#8221;custom_link&#8221; img_link_target=&#8221;_blank&#8221; qode_css_animation=&#8221;element_from_fade&#8221; qode_hover_animation=&#8221;zoom_in&#8221; link=&#8221;https:\/\/www.llarseltemple.org\/wp-content\/uploads\/2022\/03\/MEMORIA_2021.pdf&#8221;][vc_empty_space][vc_column_text]<\/p>\n<h4>Mem\u00f2ria anual 2021<\/h4>\n<p><a href=\"https:\/\/www.llarseltemple.org\/wp-content\/uploads\/2022\/03\/MEMORIA_2021.pdf\" target=\"_blank\" rel=\"noopener\">Descarregar PDF<\/a>[\/vc_column_text][vc_empty_space height=&#8221;20px&#8221;][\/vc_column_inner][vc_column_inner width=&#8221;1\/4&#8243;][vc_single_image image=&#8221;1307&#8243; img_size=&#8221;full&#8221; onclick=&#8221;custom_link&#8221; img_link_target=&#8221;_blank&#8221; qode_css_animation=&#8221;element_from_fade&#8221; qode_hover_animation=&#8221;zoom_in&#8221; link=&#8221;https:\/\/www.llarseltemple.org\/wp-content\/uploads\/2021\/02\/MEMORIA_2020.pdf&#8221;][vc_empty_space][vc_column_text]<\/p>\n<h4>Mem\u00f2ria anual 2020<\/h4>\n<p><a href=\"https:\/\/www.llarseltemple.org\/wp-content\/uploads\/2021\/02\/MEMORIA_2020.pdf\" target=\"_blank\" rel=\"noopener\">Descarregar PDF<\/a>[\/vc_column_text][vc_empty_space height=&#8221;20px&#8221;][\/vc_column_inner][vc_column_inner width=&#8221;1\/4&#8243;][vc_single_image image=&#8221;1316&#8243; img_size=&#8221;full&#8221; onclick=&#8221;custom_link&#8221; img_link_target=&#8221;_blank&#8221; qode_css_animation=&#8221;element_from_fade&#8221; qode_hover_animation=&#8221;zoom_in&#8221; link=&#8221;http:\/\/www.llarseltemple.org\/wp-content\/uploads\/2020\/08\/MEMORIA_2019.pdf&#8221;][vc_empty_space][vc_column_text]<\/p>\n<h4>Mem\u00f2ria anual 2019<\/h4>\n<p><a href=\"http:\/\/www.llarseltemple.org\/wp-content\/uploads\/2020\/08\/MEMORIA_2019.pdf\" target=\"_blank\" rel=\"noopener\">Descarregar PDF<\/a>[\/vc_column_text][vc_empty_space height=&#8221;20px&#8221;][\/vc_column_inner][\/vc_row_inner][vc_empty_space][vc_row_inner row_type=&#8221;row&#8221; type=&#8221;full_width&#8221; text_align=&#8221;left&#8221; css_animation=&#8221;&#8221;][vc_column_inner width=&#8221;1\/4&#8243;][vc_single_image image=&#8221;1314&#8243; img_size=&#8221;full&#8221; onclick=&#8221;custom_link&#8221; img_link_target=&#8221;_blank&#8221; qode_css_animation=&#8221;element_from_fade&#8221; qode_hover_animation=&#8221;zoom_in&#8221; link=&#8221;http:\/\/www.llarseltemple.org\/wp-content\/uploads\/2019\/07\/MEMORIA-2018.pdf&#8221;][vc_empty_space][vc_column_text]<\/p>\n<h4>Mem\u00f2ria anual 2018<\/h4>\n<p><a href=\"http:\/\/www.llarseltemple.org\/wp-content\/uploads\/2019\/07\/MEMORIA-2018.pdf\" target=\"_blank\" rel=\"noopener\">Descarregar PDF<\/a>[\/vc_column_text][vc_empty_space height=&#8221;20px&#8221;][\/vc_column_inner][vc_column_inner width=&#8221;1\/4&#8243;][vc_single_image image=&#8221;1313&#8243; img_size=&#8221;full&#8221; onclick=&#8221;custom_link&#8221; img_link_target=&#8221;_blank&#8221; qode_css_animation=&#8221;element_from_fade&#8221; qode_hover_animation=&#8221;zoom_in&#8221; link=&#8221;http:\/\/www.llarseltemple.org\/wp-content\/uploads\/2018\/04\/memoria-final-2017.pdf&#8221;][vc_empty_space][vc_column_text]<\/p>\n<h4>Mem\u00f2ria anual 2017<\/h4>\n<p><a href=\"http:\/\/www.llarseltemple.org\/wp-content\/uploads\/2018\/04\/memoria-final-2017.pdf\" target=\"_blank\" rel=\"noopener\">Descarregar PDF<\/a>[\/vc_column_text][vc_empty_space height=&#8221;20px&#8221;][\/vc_column_inner][vc_column_inner width=&#8221;1\/4&#8243;][vc_single_image image=&#8221;1204&#8243; img_size=&#8221;full&#8221; onclick=&#8221;custom_link&#8221; img_link_target=&#8221;_blank&#8221; qode_css_animation=&#8221;element_from_fade&#8221; qode_hover_animation=&#8221;zoom_in&#8221; link=&#8221;http:\/\/www.llarseltemple.org\/wp-content\/uploads\/2018\/01\/LLars-El-Temple-Memoria2016.pdf&#8221;][vc_empty_space][vc_column_text]<\/p>\n<h4>Mem\u00f2ria anual 2016<\/h4>\n<p><a href=\"http:\/\/www.llarseltemple.org\/wp-content\/uploads\/2018\/01\/LLars-El-Temple-Memoria2016.pdf\" target=\"_blank\" rel=\"noopener\">Descarregar PDF<\/a>[\/vc_column_text][vc_empty_space height=&#8221;20px&#8221;][\/vc_column_inner][vc_column_inner width=&#8221;1\/4&#8243;][vc_single_image image=&#8221;1310&#8243; img_size=&#8221;full&#8221; onclick=&#8221;custom_link&#8221; img_link_target=&#8221;_blank&#8221; qode_css_animation=&#8221;element_from_fade&#8221; qode_hover_animation=&#8221;zoom_in&#8221; link=&#8221;http:\/\/www.llarseltemple.org\/wp-content\/uploads\/2017\/01\/MEMORIA-llars-el-temple-2015.pdf&#8221;][vc_empty_space][vc_column_text]<\/p>\n<h4>Mem\u00f2ria anual 2015<\/h4>\n<p><a href=\"http:\/\/www.llarseltemple.org\/wp-content\/uploads\/2017\/01\/MEMORIA-llars-el-temple-2015.pdf\" target=\"_blank\" rel=\"noopener\">Descarregar PDF<\/a>[\/vc_column_text][\/vc_column_inner][\/vc_row_inner][vc_empty_space][vc_empty_space][\/vc_column][\/vc_row]<\/p>\n<\/div>","protected":false},"excerpt":{"rendered":"<p>[vc_row css_animation=&#8221;&#8221; row_type=&#8221;row&#8221; use_row_as_full_screen_section=&#8221;no&#8221; type=&#8221;full_width&#8221; angled_section=&#8221;no&#8221; text_align=&#8221;left&#8221; background_image_as_pattern=&#8221;without_pattern&#8221;][vc_column width=&#8221;1\/4&#8243;][vc_empty_space height=&#8221;120px&#8221;][vc_widget_sidebar sidebar_id=&#8221;Que_hacemos&#8221; el_class=&#8221;menu_lateral&#8221;][\/vc_column][vc_column width=&#8221;3\/4&#8243;][vc_empty_space height=&#8221;60px&#8221;][vc_column_text] Mem\u00f2ries anuales [\/vc_column_text][vc_empty_space height=&#8221;20px&#8221;][vc_row_inner row_type=&#8221;row&#8221; type=&#8221;full_width&#8221; text_align=&#8221;left&#8221; css_animation=&#8221;&#8221;][vc_column_inner width=&#8221;1\/4&#8243;][vc_single_image image=&#8221;1646&#8243; img_size=&#8221;full&#8221; onclick=&#8221;custom_link&#8221; img_link_target=&#8221;_blank&#8221; css=&#8221;&#8221; qode_css_animation=&#8221;element_from_fade&#8221; qode_hover_animation=&#8221;zoom_in&#8221; link=&#8221;https:\/\/www.llarseltemple.org\/wp-content\/uploads\/2026\/03\/MEMORIA-2025.pdf&#8221;][vc_empty_space][vc_column_text css=&#8221;&#8221;] Mem\u00f2ria anual 2025 Descarregar PDF[\/vc_column_text][vc_empty_space height=&#8221;20px&#8221;][\/vc_column_inner][vc_column_inner width=&#8221;1\/4&#8243;][vc_single_image image=&#8221;1457&#8243; img_size=&#8221;full&#8221; onclick=&#8221;custom_link&#8221; img_link_target=&#8221;_blank&#8221; css=&#8221;&#8221; qode_css_animation=&#8221;element_from_fade&#8221;&#8230;<\/p>\n","protected":false},"author":1,"featured_media":0,"parent":938,"menu_order":0,"comment_status":"closed","ping_status":"closed","template":"","meta":{"footnotes":""},"class_list":["post-939","page","type-page","status-publish","hentry"],"yoast_head":"<!-- This site is optimized with the Yoast SEO plugin v27.3 - https:\/\/yoast.com\/product\/yoast-seo-wordpress\/ -->\n<title>Memorias anuales Llars El Temple | Memoria Atenci\u00f3n al Menor<\/title>\n<meta name=\"description\" content=\"Consulte las memorias anuales de Llars El Temple: ponemos a disposici\u00f3n de todo el que lo desee los datos de nuestro trabajo de atenci\u00f3n al menor en Palma.\" \/>\n<meta name=\"robots\" content=\"index, follow, max-snippet:-1, max-image-preview:large, max-video-preview:-1\" \/>\n<link rel=\"canonical\" href=\"https:\/\/www.llarseltemple.org\/ca\/que-fem\/memories-anuals\/\" \/>\n<meta property=\"og:locale\" content=\"ca_ES\" \/>\n<meta property=\"og:type\" content=\"article\" \/>\n<meta property=\"og:title\" content=\"Memorias anuales Llars El Temple | Memoria Atenci\u00f3n al Menor\" \/>\n<meta property=\"og:description\" content=\"Consulte las memorias anuales de Llars El Temple: ponemos a disposici\u00f3n de todo el que lo desee los datos de nuestro trabajo de atenci\u00f3n al menor en Palma.\" \/>\n<meta property=\"og:url\" content=\"https:\/\/www.llarseltemple.org\/ca\/que-fem\/memories-anuals\/\" \/>\n<meta property=\"og:site_name\" content=\"Llars El Temple\" \/>\n<meta property=\"article:modified_time\" content=\"2026-03-19T15:36:37+00:00\" \/>\n<meta name=\"twitter:card\" content=\"summary_large_image\" \/>\n<meta name=\"twitter:label1\" content=\"Temps estimat de lectura\" \/>\n\t<meta name=\"twitter:data1\" content=\"1 minut\" \/>\n<script type=\"application\/ld+json\" class=\"yoast-schema-graph\">{\"@context\":\"https:\\\/\\\/schema.org\",\"@graph\":[{\"@type\":\"WebPage\",\"@id\":\"https:\\\/\\\/www.llarseltemple.org\\\/ca\\\/que-fem\\\/memories-anuals\\\/\",\"url\":\"https:\\\/\\\/www.llarseltemple.org\\\/ca\\\/que-fem\\\/memories-anuals\\\/\",\"name\":\"Memorias anuales Llars El Temple | Memoria Atenci\u00f3n al Menor\",\"isPartOf\":{\"@id\":\"https:\\\/\\\/www.llarseltemple.org\\\/#website\"},\"datePublished\":\"2017-01-10T14:57:05+00:00\",\"dateModified\":\"2026-03-19T15:36:37+00:00\",\"description\":\"Consulte las memorias anuales de Llars El Temple: ponemos a disposici\u00f3n de todo el que lo desee los datos de nuestro trabajo de atenci\u00f3n al menor en Palma.\",\"breadcrumb\":{\"@id\":\"https:\\\/\\\/www.llarseltemple.org\\\/ca\\\/que-fem\\\/memories-anuals\\\/#breadcrumb\"},\"inLanguage\":\"ca\",\"potentialAction\":[{\"@type\":\"ReadAction\",\"target\":[\"https:\\\/\\\/www.llarseltemple.org\\\/ca\\\/que-fem\\\/memories-anuals\\\/\"]}]},{\"@type\":\"BreadcrumbList\",\"@id\":\"https:\\\/\\\/www.llarseltemple.org\\\/ca\\\/que-fem\\\/memories-anuals\\\/#breadcrumb\",\"itemListElement\":[{\"@type\":\"ListItem\",\"position\":1,\"name\":\"Portada\",\"item\":\"https:\\\/\\\/www.llarseltemple.org\\\/ca\\\/\"},{\"@type\":\"ListItem\",\"position\":2,\"name\":\"Qu\u00e8 fem\",\"item\":\"https:\\\/\\\/www.llarseltemple.org\\\/ca\\\/que-fem\\\/\"},{\"@type\":\"ListItem\",\"position\":3,\"name\":\"Mem\u00f2ries anuals\"}]},{\"@type\":\"WebSite\",\"@id\":\"https:\\\/\\\/www.llarseltemple.org\\\/#website\",\"url\":\"https:\\\/\\\/www.llarseltemple.org\\\/\",\"name\":\"Llars El Temple\",\"description\":\"Palma de Mallorca\",\"potentialAction\":[{\"@type\":\"SearchAction\",\"target\":{\"@type\":\"EntryPoint\",\"urlTemplate\":\"https:\\\/\\\/www.llarseltemple.org\\\/?s={search_term_string}\"},\"query-input\":{\"@type\":\"PropertyValueSpecification\",\"valueRequired\":true,\"valueName\":\"search_term_string\"}}],\"inLanguage\":\"ca\"}]}<\/script>\n<!-- \/ Yoast SEO plugin. -->","yoast_head_json":{"title":"Memorias anuales Llars El Temple | Memoria Atenci\u00f3n al Menor","description":"Consulte las memorias anuales de Llars El Temple: ponemos a disposici\u00f3n de todo el que lo desee los datos de nuestro trabajo de atenci\u00f3n al menor en Palma.","robots":{"index":"index","follow":"follow","max-snippet":"max-snippet:-1","max-image-preview":"max-image-preview:large","max-video-preview":"max-video-preview:-1"},"canonical":"https:\/\/www.llarseltemple.org\/ca\/que-fem\/memories-anuals\/","og_locale":"ca_ES","og_type":"article","og_title":"Memorias anuales Llars El Temple | Memoria Atenci\u00f3n al Menor","og_description":"Consulte las memorias anuales de Llars El Temple: ponemos a disposici\u00f3n de todo el que lo desee los datos de nuestro trabajo de atenci\u00f3n al menor en Palma.","og_url":"https:\/\/www.llarseltemple.org\/ca\/que-fem\/memories-anuals\/","og_site_name":"Llars El Temple","article_modified_time":"2026-03-19T15:36:37+00:00","twitter_card":"summary_large_image","twitter_misc":{"Temps estimat de lectura":"1 minut"},"schema":{"@context":"https:\/\/schema.org","@graph":[{"@type":"WebPage","@id":"https:\/\/www.llarseltemple.org\/ca\/que-fem\/memories-anuals\/","url":"https:\/\/www.llarseltemple.org\/ca\/que-fem\/memories-anuals\/","name":"Memorias anuales Llars El Temple | Memoria Atenci\u00f3n al Menor","isPartOf":{"@id":"https:\/\/www.llarseltemple.org\/#website"},"datePublished":"2017-01-10T14:57:05+00:00","dateModified":"2026-03-19T15:36:37+00:00","description":"Consulte las memorias anuales de Llars El Temple: ponemos a disposici\u00f3n de todo el que lo desee los datos de nuestro trabajo de atenci\u00f3n al menor en Palma.","breadcrumb":{"@id":"https:\/\/www.llarseltemple.org\/ca\/que-fem\/memories-anuals\/#breadcrumb"},"inLanguage":"ca","potentialAction":[{"@type":"ReadAction","target":["https:\/\/www.llarseltemple.org\/ca\/que-fem\/memories-anuals\/"]}]},{"@type":"BreadcrumbList","@id":"https:\/\/www.llarseltemple.org\/ca\/que-fem\/memories-anuals\/#breadcrumb","itemListElement":[{"@type":"ListItem","position":1,"name":"Portada","item":"https:\/\/www.llarseltemple.org\/ca\/"},{"@type":"ListItem","position":2,"name":"Qu\u00e8 fem","item":"https:\/\/www.llarseltemple.org\/ca\/que-fem\/"},{"@type":"ListItem","position":3,"name":"Mem\u00f2ries anuals"}]},{"@type":"WebSite","@id":"https:\/\/www.llarseltemple.org\/#website","url":"https:\/\/www.llarseltemple.org\/","name":"Llars El Temple","description":"Palma de Mallorca","potentialAction":[{"@type":"SearchAction","target":{"@type":"EntryPoint","urlTemplate":"https:\/\/www.llarseltemple.org\/?s={search_term_string}"},"query-input":{"@type":"PropertyValueSpecification","valueRequired":true,"valueName":"search_term_string"}}],"inLanguage":"ca"}]}},"_links":{"self":[{"href":"https:\/\/www.llarseltemple.org\/ca\/wp-json\/wp\/v2\/pages\/939","targetHints":{"allow":["GET"]}}],"collection":[{"href":"https:\/\/www.llarseltemple.org\/ca\/wp-json\/wp\/v2\/pages"}],"about":[{"href":"https:\/\/www.llarseltemple.org\/ca\/wp-json\/wp\/v2\/types\/page"}],"author":[{"embeddable":true,"href":"https:\/\/www.llarseltemple.org\/ca\/wp-json\/wp\/v2\/users\/1"}],"replies":[{"embeddable":true,"href":"https:\/\/www.llarseltemple.org\/ca\/wp-json\/wp\/v2\/comments?post=939"}],"version-history":[{"count":21,"href":"https:\/\/www.llarseltemple.org\/ca\/wp-json\/wp\/v2\/pages\/939\/revisions"}],"predecessor-version":[{"id":1651,"href":"https:\/\/www.llarseltemple.org\/ca\/wp-json\/wp\/v2\/pages\/939\/revisions\/1651"}],"up":[{"embeddable":true,"href":"https:\/\/www.llarseltemple.org\/ca\/wp-json\/wp\/v2\/pages\/938"}],"wp:attachment":[{"href":"https:\/\/www.llarseltemple.org\/ca\/wp-json\/wp\/v2\/media?parent=939"}],"curies":[{"name":"wp","href":"https:\/\/api.w.org\/{rel}","templated":true}]}}