{"id":937,"date":"2017-01-18T09:45:32","date_gmt":"2017-01-18T09:45:32","guid":{"rendered":"http:\/\/www.llarseltemple.org\/programas\/participacion\/programa-participacion-prenim-part\/"},"modified":"2017-03-22T09:54:57","modified_gmt":"2017-03-22T09:54:57","slug":"programa-participacio-prenim-part","status":"publish","type":"page","link":"https:\/\/www.llarseltemple.org\/ca\/programes\/participacio\/programa-participacio-prenim-part\/","title":{"rendered":"Programa de participaci\u00f3 Prenim Part"},"content":{"rendered":"<div class=\"wpb-content-wrapper\"><p>[vc_row css_animation=&#8221;&#8221; row_type=&#8221;row&#8221; use_row_as_full_screen_section=&#8221;no&#8221; type=&#8221;full_width&#8221; angled_section=&#8221;no&#8221; text_align=&#8221;left&#8221; background_image_as_pattern=&#8221;without_pattern&#8221;][vc_column width=&#8221;1\/4&#8243;][vc_empty_space height=&#8221;55px&#8221;][vc_column_text css=&#8221;.vc_custom_1490176332755{border-bottom-width: px !important;padding-top: 2px !important;padding-right: 4px !important;padding-bottom: 0px !important;padding-left: 4px !important;background-color: #b01657 !important;border-bottom-color: #b01657 !important;border-bottom-style: solid !important;}&#8221;]<\/p>\n<h3><span style=\"background-color: #b01657; color: #ffffff;\">Programes<\/span><\/h3>\n<p>[\/vc_column_text][vc_empty_space height=&#8221;25px&#8221;][vc_column_text css=&#8221;.vc_custom_1490176337368{border-bottom-width: 1px !important;border-bottom-color: #1db6bc !important;border-bottom-style: solid !important;}&#8221;]<\/p>\n<h4><span style=\"color: #1db6bc;\">Atenci\u00f3 al Menor<\/span><\/h4>\n<p>[\/vc_column_text][vc_empty_space height=&#8221;7px&#8221;][vc_widget_sidebar sidebar_id=&#8221;programa_menores&#8221; el_class=&#8221;titulo_pro_menor&#8221;][vc_empty_space height=&#8221;20px&#8221;][vc_column_text css=&#8221;.vc_custom_1490176353741{border-bottom-width: 1px !important;border-bottom-color: #a1a2ce !important;border-bottom-style: solid !important;}&#8221;]<\/p>\n<h4><span style=\"color: #8b84d7;\">Atenci\u00f3 a les Fam\u00edlies<\/span><\/h4>\n<p>[\/vc_column_text][vc_empty_space height=&#8221;7px&#8221;][vc_widget_sidebar sidebar_id=&#8221;Programa_familias&#8221; el_class=&#8221;titulo_pro_familia&#8221;][vc_empty_space height=&#8221;20px&#8221;][vc_column_text css=&#8221;.vc_custom_1490176361048{border-bottom-width: 1px !important;border-bottom-color: #fcc68a !important;border-bottom-style: solid !important;}&#8221;]<\/p>\n<h4><span style=\"color: #f8ab55;\">Atenci\u00f3<\/span><span style=\"color: #f8ab55;\">\u00a0al Personal<\/span><\/h4>\n<p>[\/vc_column_text][vc_empty_space height=&#8221;7px&#8221;][vc_widget_sidebar sidebar_id=&#8221;Programa_personal&#8221; el_class=&#8221;titulo_pro_personal&#8221;][vc_empty_space height=&#8221;20px&#8221;][vc_column_text css=&#8221;.vc_custom_1490176366547{border-bottom-width: 1px !important;border-bottom-color: #009cde !important;border-bottom-style: solid !important;}&#8221;]<\/p>\n<h4><span class=\"participacion\">Participaci\u00f3<\/span><\/h4>\n<p>[\/vc_column_text][vc_empty_space height=&#8221;7px&#8221;][vc_widget_sidebar sidebar_id=&#8221;Programa_participacion&#8221; el_class=&#8221;titulo_pro_participacion&#8221;][\/vc_column][vc_column width=&#8221;3\/4&#8243;][vc_empty_space height=&#8221;60px&#8221;][vc_column_text]<\/p>\n<h3>Programa \/\/\u00a0<span style=\"color: #66bade;\">Participaci\u00f3<\/span><\/h3>\n<p>[\/vc_column_text][vc_column_text]<\/p>\n<h2><span class=\"participacion\"> PROGRAMA DE PARTICIPACI\u00d3 PRENIM PART <\/span><\/h2>\n<p>[\/vc_column_text][vc_empty_space height=&#8221;30px&#8221;][vc_column_text]<\/p>\n<h3 class=\"p1\" style=\"text-align: justify;\">QU\u00c8 FEM?<\/h3>\n<p class=\"p1\" style=\"text-align: justify;\">Prenim Part neix de la necessitat de dur a terme, en Llars El Temple, un nou model d\u2019intervenci\u00f3 (2014) en el concernent a la promoci\u00f3 de la participaci\u00f3 i inclusi\u00f3 dels menors amb la seva pr\u00f2pia vida, amb les decisions del grup i la instituci\u00f3 en que viuen, aix\u00ed com en la comunitat en la qual es troben immersos.<\/p>\n<h3 class=\"p1\" style=\"text-align: justify;\"><\/h3>\n<p>[\/vc_column_text][vc_empty_space height=&#8221;40px&#8221;][vc_column_text]<\/p>\n<h3 class=\"p1\" style=\"text-align: justify;\">AMB QU\u00c8 HO FEM?<\/h3>\n<ul>\n<li class=\"p1\"><span class=\"s1\">Amb la creaci\u00f3 de la figura del Representat de Pis i espais de participaci\u00f3 democr\u00e0tica en els pisos.<\/span><\/li>\n<li class=\"p1\">Amb la realitzaci\u00f3 de reunions participatives on els nens, nenes i adolescents poden expressar les seves idees i realitzar propostes de millora del seu entorn, incl\u00fas fomentar-les i desenvolupar-les.<\/li>\n<li class=\"p1\">Amb la programaci\u00f3 d\u2019activitats que desenvoluparan col\u00b7laboradors i voluntaris especialitzats, potenciant amb ell espais de creixement personal que generen un proc\u00e9s individual i grupal.<\/li>\n<li class=\"p1\">Amb l\u2019\u00fas d\u2019una b\u00fastia de suggeriments, queixes i propostes, que es gestiona segons el nostre Sistema de Qualitat.<\/li>\n<li class=\"p1\">Amb la disponibilitat d\u2019un espai per a estimular l\u2019Oci Saludable: El Club del Pati.<\/li>\n<\/ul>\n<p>[\/vc_column_text][vc_empty_space height=&#8221;40px&#8221;][vc_column_text]<\/p>\n<h3 class=\"p1\" style=\"text-align: justify;\">COM HO FEM?<\/h3>\n<ul>\n<li class=\"p1\"><span class=\"s1\">Afavorint escenaris per aconseguir el poder per conduir de la seva pr\u00f2pia vida, per a poder defensar i recuperar els drets personals i col\u00b7lectius afectats o vulnerats per les seves experi\u00e8ncies vitals i col\u00b7lectives.<\/span><\/li>\n<li class=\"p1\">Entrenant una manera d\u2019enfrontar la realitat on la participaci\u00f3 constitueixi un valor i model d\u2019actuaci\u00f3, aplicable en la seva vida, als grups i comunitats en que es desenvolupin en el present i en el seu futur.<\/li>\n<li class=\"p1\">Propiciant la implicaci\u00f3 activa i proactiva en la seva vida i en la comunitat \u00e9s fonamental per afavorir el desenvolupament de la resili\u00e8ncia en els menors subjectes de la nostra intervenci\u00f3. \u201cNo ser esclaus de les accions que sobre nosaltres s\u2019efectuen, sino que lliures executors de la nostra conducta&#8230;\u201d (Covey, 1898).<\/li>\n<\/ul>\n<p>[\/vc_column_text][vc_empty_space height=&#8221;60px&#8221;][\/vc_column][\/vc_row]<\/p>\n<\/div>","protected":false},"excerpt":{"rendered":"<p>[vc_row css_animation=&#8221;&#8221; row_type=&#8221;row&#8221; use_row_as_full_screen_section=&#8221;no&#8221; type=&#8221;full_width&#8221; angled_section=&#8221;no&#8221; text_align=&#8221;left&#8221; background_image_as_pattern=&#8221;without_pattern&#8221;][vc_column width=&#8221;1\/4&#8243;][vc_empty_space height=&#8221;55px&#8221;][vc_column_text css=&#8221;.vc_custom_1490176332755{border-bottom-width: px !important;padding-top: 2px !important;padding-right: 4px !important;padding-bottom: 0px !important;padding-left: 4px !important;background-color: #b01657 !important;border-bottom-color: #b01657 !important;border-bottom-style: solid !important;}&#8221;] Programes [\/vc_column_text][vc_empty_space height=&#8221;25px&#8221;][vc_column_text css=&#8221;.vc_custom_1490176337368{border-bottom-width: 1px !important;border-bottom-color: #1db6bc !important;border-bottom-style: solid !important;}&#8221;] Atenci\u00f3 al Menor [\/vc_column_text][vc_empty_space height=&#8221;7px&#8221;][vc_widget_sidebar sidebar_id=&#8221;programa_menores&#8221; el_class=&#8221;titulo_pro_menor&#8221;][vc_empty_space height=&#8221;20px&#8221;][vc_column_text&#8230;<\/p>\n","protected":false},"author":1,"featured_media":0,"parent":936,"menu_order":0,"comment_status":"closed","ping_status":"closed","template":"","meta":{"footnotes":""},"class_list":["post-937","page","type-page","status-publish","hentry"],"yoast_head":"<!-- This site is optimized with the Yoast SEO plugin v27.3 - https:\/\/yoast.com\/product\/yoast-seo-wordpress\/ -->\n<title>Programa Prenim Part | Inclusi\u00f3n social menores Mallorca<\/title>\n<meta name=\"description\" content=\"Prenim Part es el programa de inclusi\u00f3n social de menores en Mallorca que en Llars El Temple desarrollamos a trav\u00e9s del fomento de la participaci\u00f3n.\" \/>\n<meta name=\"robots\" content=\"index, follow, max-snippet:-1, max-image-preview:large, max-video-preview:-1\" \/>\n<link rel=\"canonical\" href=\"https:\/\/www.llarseltemple.org\/ca\/programes\/participacio\/programa-participacio-prenim-part\/\" \/>\n<meta property=\"og:locale\" content=\"ca_ES\" \/>\n<meta property=\"og:type\" content=\"article\" \/>\n<meta property=\"og:title\" content=\"Programa Prenim Part | Inclusi\u00f3n social menores Mallorca\" \/>\n<meta property=\"og:description\" content=\"Prenim Part es el programa de inclusi\u00f3n social de menores en Mallorca que en Llars El Temple desarrollamos a trav\u00e9s del fomento de la participaci\u00f3n.\" \/>\n<meta property=\"og:url\" content=\"https:\/\/www.llarseltemple.org\/ca\/programes\/participacio\/programa-participacio-prenim-part\/\" \/>\n<meta property=\"og:site_name\" content=\"Llars El Temple\" \/>\n<meta property=\"article:modified_time\" content=\"2017-03-22T09:54:57+00:00\" \/>\n<meta name=\"twitter:card\" content=\"summary_large_image\" \/>\n<meta name=\"twitter:label1\" content=\"Temps estimat de lectura\" \/>\n\t<meta name=\"twitter:data1\" content=\"3 minuts\" \/>\n<script type=\"application\/ld+json\" class=\"yoast-schema-graph\">{\"@context\":\"https:\\\/\\\/schema.org\",\"@graph\":[{\"@type\":\"WebPage\",\"@id\":\"https:\\\/\\\/www.llarseltemple.org\\\/ca\\\/programes\\\/participacio\\\/programa-participacio-prenim-part\\\/\",\"url\":\"https:\\\/\\\/www.llarseltemple.org\\\/ca\\\/programes\\\/participacio\\\/programa-participacio-prenim-part\\\/\",\"name\":\"Programa Prenim Part | Inclusi\u00f3n social menores Mallorca\",\"isPartOf\":{\"@id\":\"https:\\\/\\\/www.llarseltemple.org\\\/#website\"},\"datePublished\":\"2017-01-18T09:45:32+00:00\",\"dateModified\":\"2017-03-22T09:54:57+00:00\",\"description\":\"Prenim Part es el programa de inclusi\u00f3n social de menores en Mallorca que en Llars El Temple desarrollamos a trav\u00e9s del fomento de la participaci\u00f3n.\",\"breadcrumb\":{\"@id\":\"https:\\\/\\\/www.llarseltemple.org\\\/ca\\\/programes\\\/participacio\\\/programa-participacio-prenim-part\\\/#breadcrumb\"},\"inLanguage\":\"ca\",\"potentialAction\":[{\"@type\":\"ReadAction\",\"target\":[\"https:\\\/\\\/www.llarseltemple.org\\\/ca\\\/programes\\\/participacio\\\/programa-participacio-prenim-part\\\/\"]}]},{\"@type\":\"BreadcrumbList\",\"@id\":\"https:\\\/\\\/www.llarseltemple.org\\\/ca\\\/programes\\\/participacio\\\/programa-participacio-prenim-part\\\/#breadcrumb\",\"itemListElement\":[{\"@type\":\"ListItem\",\"position\":1,\"name\":\"Portada\",\"item\":\"https:\\\/\\\/www.llarseltemple.org\\\/ca\\\/\"},{\"@type\":\"ListItem\",\"position\":2,\"name\":\"Programes\",\"item\":\"https:\\\/\\\/www.llarseltemple.org\\\/ca\\\/programes\\\/\"},{\"@type\":\"ListItem\",\"position\":3,\"name\":\"Participaci\u00f3\",\"item\":\"https:\\\/\\\/www.llarseltemple.org\\\/ca\\\/programes\\\/participacio\\\/\"},{\"@type\":\"ListItem\",\"position\":4,\"name\":\"Programa de participaci\u00f3 Prenim Part\"}]},{\"@type\":\"WebSite\",\"@id\":\"https:\\\/\\\/www.llarseltemple.org\\\/#website\",\"url\":\"https:\\\/\\\/www.llarseltemple.org\\\/\",\"name\":\"Llars El Temple\",\"description\":\"Palma de Mallorca\",\"potentialAction\":[{\"@type\":\"SearchAction\",\"target\":{\"@type\":\"EntryPoint\",\"urlTemplate\":\"https:\\\/\\\/www.llarseltemple.org\\\/?s={search_term_string}\"},\"query-input\":{\"@type\":\"PropertyValueSpecification\",\"valueRequired\":true,\"valueName\":\"search_term_string\"}}],\"inLanguage\":\"ca\"}]}<\/script>\n<!-- \/ Yoast SEO plugin. -->","yoast_head_json":{"title":"Programa Prenim Part | Inclusi\u00f3n social menores Mallorca","description":"Prenim Part es el programa de inclusi\u00f3n social de menores en Mallorca que en Llars El Temple desarrollamos a trav\u00e9s del fomento de la participaci\u00f3n.","robots":{"index":"index","follow":"follow","max-snippet":"max-snippet:-1","max-image-preview":"max-image-preview:large","max-video-preview":"max-video-preview:-1"},"canonical":"https:\/\/www.llarseltemple.org\/ca\/programes\/participacio\/programa-participacio-prenim-part\/","og_locale":"ca_ES","og_type":"article","og_title":"Programa Prenim Part | Inclusi\u00f3n social menores Mallorca","og_description":"Prenim Part es el programa de inclusi\u00f3n social de menores en Mallorca que en Llars El Temple desarrollamos a trav\u00e9s del fomento de la participaci\u00f3n.","og_url":"https:\/\/www.llarseltemple.org\/ca\/programes\/participacio\/programa-participacio-prenim-part\/","og_site_name":"Llars El Temple","article_modified_time":"2017-03-22T09:54:57+00:00","twitter_card":"summary_large_image","twitter_misc":{"Temps estimat de lectura":"3 minuts"},"schema":{"@context":"https:\/\/schema.org","@graph":[{"@type":"WebPage","@id":"https:\/\/www.llarseltemple.org\/ca\/programes\/participacio\/programa-participacio-prenim-part\/","url":"https:\/\/www.llarseltemple.org\/ca\/programes\/participacio\/programa-participacio-prenim-part\/","name":"Programa Prenim Part | Inclusi\u00f3n social menores Mallorca","isPartOf":{"@id":"https:\/\/www.llarseltemple.org\/#website"},"datePublished":"2017-01-18T09:45:32+00:00","dateModified":"2017-03-22T09:54:57+00:00","description":"Prenim Part es el programa de inclusi\u00f3n social de menores en Mallorca que en Llars El Temple desarrollamos a trav\u00e9s del fomento de la participaci\u00f3n.","breadcrumb":{"@id":"https:\/\/www.llarseltemple.org\/ca\/programes\/participacio\/programa-participacio-prenim-part\/#breadcrumb"},"inLanguage":"ca","potentialAction":[{"@type":"ReadAction","target":["https:\/\/www.llarseltemple.org\/ca\/programes\/participacio\/programa-participacio-prenim-part\/"]}]},{"@type":"BreadcrumbList","@id":"https:\/\/www.llarseltemple.org\/ca\/programes\/participacio\/programa-participacio-prenim-part\/#breadcrumb","itemListElement":[{"@type":"ListItem","position":1,"name":"Portada","item":"https:\/\/www.llarseltemple.org\/ca\/"},{"@type":"ListItem","position":2,"name":"Programes","item":"https:\/\/www.llarseltemple.org\/ca\/programes\/"},{"@type":"ListItem","position":3,"name":"Participaci\u00f3","item":"https:\/\/www.llarseltemple.org\/ca\/programes\/participacio\/"},{"@type":"ListItem","position":4,"name":"Programa de participaci\u00f3 Prenim Part"}]},{"@type":"WebSite","@id":"https:\/\/www.llarseltemple.org\/#website","url":"https:\/\/www.llarseltemple.org\/","name":"Llars El Temple","description":"Palma de Mallorca","potentialAction":[{"@type":"SearchAction","target":{"@type":"EntryPoint","urlTemplate":"https:\/\/www.llarseltemple.org\/?s={search_term_string}"},"query-input":{"@type":"PropertyValueSpecification","valueRequired":true,"valueName":"search_term_string"}}],"inLanguage":"ca"}]}},"_links":{"self":[{"href":"https:\/\/www.llarseltemple.org\/ca\/wp-json\/wp\/v2\/pages\/937","targetHints":{"allow":["GET"]}}],"collection":[{"href":"https:\/\/www.llarseltemple.org\/ca\/wp-json\/wp\/v2\/pages"}],"about":[{"href":"https:\/\/www.llarseltemple.org\/ca\/wp-json\/wp\/v2\/types\/page"}],"author":[{"embeddable":true,"href":"https:\/\/www.llarseltemple.org\/ca\/wp-json\/wp\/v2\/users\/1"}],"replies":[{"embeddable":true,"href":"https:\/\/www.llarseltemple.org\/ca\/wp-json\/wp\/v2\/comments?post=937"}],"version-history":[{"count":3,"href":"https:\/\/www.llarseltemple.org\/ca\/wp-json\/wp\/v2\/pages\/937\/revisions"}],"predecessor-version":[{"id":1088,"href":"https:\/\/www.llarseltemple.org\/ca\/wp-json\/wp\/v2\/pages\/937\/revisions\/1088"}],"up":[{"embeddable":true,"href":"https:\/\/www.llarseltemple.org\/ca\/wp-json\/wp\/v2\/pages\/936"}],"wp:attachment":[{"href":"https:\/\/www.llarseltemple.org\/ca\/wp-json\/wp\/v2\/media?parent=937"}],"curies":[{"name":"wp","href":"https:\/\/api.w.org\/{rel}","templated":true}]}}