{"id":935,"date":"2017-01-11T15:59:28","date_gmt":"2017-01-11T15:59:28","guid":{"rendered":"http:\/\/www.llarseltemple.org\/programas\/atencion-a-familias\/atencion-a-familias\/"},"modified":"2019-07-24T06:47:19","modified_gmt":"2019-07-24T06:47:19","slug":"atencion-a-familias","status":"publish","type":"page","link":"https:\/\/www.llarseltemple.org\/ca\/programes\/atencio-a-families\/atencion-a-familias\/","title":{"rendered":"Re-Creant"},"content":{"rendered":"<div class=\"wpb-content-wrapper\"><p>[vc_row css_animation=&#8221;&#8221; row_type=&#8221;row&#8221; use_row_as_full_screen_section=&#8221;no&#8221; type=&#8221;full_width&#8221; angled_section=&#8221;no&#8221; text_align=&#8221;left&#8221; background_image_as_pattern=&#8221;without_pattern&#8221;][vc_column width=&#8221;1\/4&#8243;][vc_empty_space height=&#8221;55px&#8221;][vc_column_text css=&#8221;.vc_custom_1490175733864{border-bottom-width: px !important;padding-top: 2px !important;padding-right: 4px !important;padding-bottom: 0px !important;padding-left: 4px !important;background-color: #b01657 !important;border-bottom-color: #b01657 !important;border-bottom-style: solid !important;}&#8221;]<\/p>\n<h3><span style=\"background-color: #b01657; color: #ffffff;\">Programes<\/span><\/h3>\n<p>[\/vc_column_text][vc_empty_space height=&#8221;25px&#8221;][vc_column_text css=&#8221;.vc_custom_1490175739813{border-bottom-width: 1px !important;border-bottom-color: #1db6bc !important;border-bottom-style: solid !important;}&#8221;]<\/p>\n<h4><span style=\"color: #1db6bc;\">Atenci\u00f3 al Menor<\/span><\/h4>\n<p>[\/vc_column_text][vc_empty_space height=&#8221;7px&#8221;][vc_widget_sidebar sidebar_id=&#8221;programa_menores&#8221; el_class=&#8221;titulo_pro_menor&#8221;][vc_empty_space height=&#8221;20px&#8221;][vc_column_text css=&#8221;.vc_custom_1490175749349{border-bottom-width: 1px !important;border-bottom-color: #a1a2ce !important;border-bottom-style: solid !important;}&#8221;]<\/p>\n<h4><span style=\"color: #8b84d7;\">Atenci\u00f3 a les Fam\u00edlies<\/span><\/h4>\n<p>[\/vc_column_text][vc_empty_space height=&#8221;7px&#8221;][vc_widget_sidebar sidebar_id=&#8221;Programa_familias&#8221; el_class=&#8221;titulo_pro_familia&#8221;][vc_empty_space height=&#8221;20px&#8221;][vc_column_text css=&#8221;.vc_custom_1490175755574{border-bottom-width: 1px !important;border-bottom-color: #fcc68a !important;border-bottom-style: solid !important;}&#8221;]<\/p>\n<h4><span style=\"color: #f8ab55;\">Atenci\u00f3 al Personal<\/span><\/h4>\n<p>[\/vc_column_text][vc_empty_space height=&#8221;7px&#8221;][vc_widget_sidebar sidebar_id=&#8221;Programa_personal&#8221; el_class=&#8221;titulo_pro_personal&#8221;][vc_empty_space height=&#8221;20px&#8221;][vc_column_text css=&#8221;.vc_custom_1490175763399{border-bottom-width: 1px !important;border-bottom-color: #009cde !important;border-bottom-style: solid !important;}&#8221;]<\/p>\n<h4><span class=\"participacion\">Participaci\u00f3<\/span><\/h4>\n<p>[\/vc_column_text][vc_empty_space height=&#8221;7px&#8221;][vc_widget_sidebar sidebar_id=&#8221;Programa_participacion&#8221; el_class=&#8221;titulo_pro_participacion&#8221;][\/vc_column][vc_column width=&#8221;3\/4&#8243;][vc_empty_space height=&#8221;60px&#8221;][vc_column_text]<\/p>\n<h3>Programa \/\/<span style=\"color: #cfcee6;\"> Atenci\u00f3 a les fam\u00edlies<\/span><\/h3>\n<p>[\/vc_column_text][vc_column_text]<\/p>\n<h2 class=\"p1\"><span style=\"color: #8b84d7;\">RE-CREANT<\/span><\/h2>\n<p>[\/vc_column_text][vc_empty_space height=&#8221;30px&#8221;][vc_column_text]<\/p>\n<h3 class=\"p1\" style=\"text-align: justify;\">QU\u00c8 FEM?<\/h3>\n<p class=\"p1\" style=\"text-align: justify;\"><span class=\"s1\"> El Programa Re-Creant est\u00e0 especialment dirigit a fam\u00edlies per acompanyar-les en la seva responsabilitat i capacitat per a aconseguir els seus propis objectius de millora. Est\u00e0 planificat per a fam\u00edlies biol\u00f2giques i no biol\u00f2giques dels nens, nenes i adolescents amb mesures de Protecci\u00f3 i en r\u00e8gim d\u2019acolliment residencial, tant com es pugui preveure el seu retorn al domicili familiar, com en aquells casos en els que ha estat separat de la seva fam\u00edlia de forma definitiva, per\u00f2 existeix una vinculaci\u00f3 amb la mateixa a trav\u00e9s de visites, sortides, etc. Les fam\u00edlies seran derivades per formar part del Programa a trav\u00e9s dels t\u00e8cnics de refer\u00e8ncia de l\u2019Institut Mallorqu\u00ed d\u2019Afers Socials (IMAS). <\/span><\/p>\n<h3 class=\"p1\" style=\"text-align: justify;\"><\/h3>\n<p>[\/vc_column_text][vc_empty_space height=&#8221;40px&#8221;][vc_column_text]<\/p>\n<h3 class=\"p1\" style=\"text-align: justify;\">\u00a0AMB QUE HO FEM?<\/h3>\n<p class=\"p1\" style=\"text-align: justify;\"><span class=\"s1\"> Amb un equip multidisciplinari de professionals formats en Coaching i Ter\u00e0pia Familiar Sistem\u00e0tica que decideixen posicionar-se en el desenvolupament de la seva vocaci\u00f3 amb una actitud innovadora, creativa i ambiciosa. Re-creant sorgeix de la sin\u00e8rgia de l\u2019experi\u00e8ncia, valors, sensibilitat i expectatives definits en la Missi\u00f3 de l\u2019Entitat, tenint en compte que Llars el Temple desenvolupa diferents Programes d\u2019Intervenci\u00f3 Familiar des de fa m\u00e9s de 25 anys. \u00a0<\/span><\/p>\n<h3 class=\"p1\" style=\"text-align: justify;\"><\/h3>\n<p>[\/vc_column_text][vc_empty_space height=&#8221;40px&#8221;][vc_column_text]<\/p>\n<h3 class=\"p1\" style=\"text-align: justify;\">COM HO FEM?<\/h3>\n<p class=\"p1\" style=\"text-align: justify;\"><span class=\"s1\"> Des del model Coaching System Familiar i un enfocament psico-educatiu-terap\u00e8utic, acompanyant a les fam\u00edlies en una direcci\u00f3 com\u00fa que els ajudi a avan\u00e7ar tant com a sistema, com a nivell personal, dotant-los per aconseguir els seus propis objectius, essent la finalitat del Programa:<\/span><\/p>\n<ul>\n<li class=\"p1\" style=\"text-align: justify;\">\u00a0Acompanyar en la millora dels vincles familiars<\/li>\n<li class=\"p1\" style=\"text-align: justify;\">Acompanyar en la millora de les capacitats i habilitats parentals.<\/li>\n<li class=\"p1\" style=\"text-align: justify;\">Generar consci\u00e8ncia en els pares de les seves dificultats en la relaci\u00f3, crian\u00e7a, atenci\u00f3 i educaci\u00f3 dels fills i filles, i que han motivat la situaci\u00f3 de desemparament o Risc de desemparament.<\/li>\n<li class=\"p1\" style=\"text-align: justify;\">Identificar i facilitar la presa de consci\u00e8ncia dels factors que han motivat la aparici\u00f3 i manteniment de tals dificultats.<\/li>\n<li class=\"p1\" style=\"text-align: justify;\">Fomentar, en els pares, motivaci\u00f3 per resoldre aquestes dificultats i les dels seus fills i filles.<\/li>\n<li class=\"p1\" style=\"text-align: justify;\">Refor\u00e7ar, a la fam\u00edlia, en la seva capacitat de canvi.<\/li>\n<li class=\"p1\" style=\"text-align: justify;\">Refor\u00e7ar les potencialitats i els recursos de la fam\u00edlia.<\/li>\n<li class=\"p1\" style=\"text-align: justify;\">Acompanyar als pares, al nen o la nena (si t\u00e9 capacitat per fer-ho), a altres membres de la fam\u00edlia (si \u00e9s que es valora adequat) en el desenvolupament d\u2019aquest pla d\u2019intervenci\u00f3.<\/li>\n<li class=\"p1\" style=\"text-align: justify;\">Recolzar i orientar emocionalment als pares en aquest proc\u00e9s de canvi.<\/li>\n<li class=\"p1\" style=\"text-align: justify;\">Proporcionar a la fam\u00edlia el suport i ensenyances necess\u00e0ries per corregir els factors que han derivat en la situaci\u00f3 de maltractament o abandonament.<\/li>\n<li class=\"p1\" style=\"text-align: justify;\">Acompanyar per a reduir l\u2019impacte de la crisis i\/o estabilitzar la seva situaci\u00f3. Reduir el nivell d\u2019estr\u00e8s familiar, ajudant a la fam\u00edlia i afrontar-ho de forma adequada, o reduint l\u2019impacte o el nombre de factors estressants que les afecten.<\/li>\n<li class=\"p1\" style=\"text-align: justify;\">Promoure una relaci\u00f3 positiva i sana entre els membres de la fam\u00edlia.<\/li>\n<li class=\"p1\" style=\"text-align: justify;\">Acompanyar en el proc\u00e9s de socialitzaci\u00f3 dels pares en el seu entorn.<\/li>\n<li class=\"p1\" style=\"text-align: justify;\">Garantir la integritat del nen o nena.<\/li>\n<\/ul>\n<p>[\/vc_column_text][vc_empty_space height=&#8221;60px&#8221;][vc_video link=&#8221;https:\/\/www.youtube.com\/watch?v=Z-Q41gPEOmU&#8221;][vc_empty_space height=&#8221;60px&#8221;][\/vc_column][\/vc_row]<\/p>\n<\/div>","protected":false},"excerpt":{"rendered":"<p>[vc_row css_animation=&#8221;&#8221; row_type=&#8221;row&#8221; use_row_as_full_screen_section=&#8221;no&#8221; type=&#8221;full_width&#8221; angled_section=&#8221;no&#8221; text_align=&#8221;left&#8221; background_image_as_pattern=&#8221;without_pattern&#8221;][vc_column width=&#8221;1\/4&#8243;][vc_empty_space height=&#8221;55px&#8221;][vc_column_text css=&#8221;.vc_custom_1490175733864{border-bottom-width: px !important;padding-top: 2px !important;padding-right: 4px !important;padding-bottom: 0px !important;padding-left: 4px !important;background-color: #b01657 !important;border-bottom-color: #b01657 !important;border-bottom-style: solid !important;}&#8221;] Programes [\/vc_column_text][vc_empty_space height=&#8221;25px&#8221;][vc_column_text css=&#8221;.vc_custom_1490175739813{border-bottom-width: 1px !important;border-bottom-color: #1db6bc !important;border-bottom-style: solid !important;}&#8221;] Atenci\u00f3 al Menor [\/vc_column_text][vc_empty_space height=&#8221;7px&#8221;][vc_widget_sidebar sidebar_id=&#8221;programa_menores&#8221; el_class=&#8221;titulo_pro_menor&#8221;][vc_empty_space height=&#8221;20px&#8221;][vc_column_text&#8230;<\/p>\n","protected":false},"author":1,"featured_media":0,"parent":934,"menu_order":0,"comment_status":"closed","ping_status":"closed","template":"","meta":{"footnotes":""},"class_list":["post-935","page","type-page","status-publish","hentry"],"yoast_head":"<!-- This site is optimized with the Yoast SEO plugin v27.3 - https:\/\/yoast.com\/product\/yoast-seo-wordpress\/ -->\n<title>Programa Re - Creant | Programa atenci\u00f3n a familias Mallorca<\/title>\n<meta name=\"description\" content=\"Llars El Temple ofrece un programa de atenci\u00f3n a menores en Mallorca a trav\u00e9s de la familia para potenciar cualidades y evitar situaciones de riesgo.\" \/>\n<meta name=\"robots\" content=\"index, follow, max-snippet:-1, max-image-preview:large, max-video-preview:-1\" \/>\n<link rel=\"canonical\" href=\"https:\/\/www.llarseltemple.org\/ca\/programes\/atencio-a-families\/atencion-a-familias\/\" \/>\n<meta property=\"og:locale\" content=\"ca_ES\" \/>\n<meta property=\"og:type\" content=\"article\" \/>\n<meta property=\"og:title\" content=\"Programa Re - Creant | Programa atenci\u00f3n a familias Mallorca\" \/>\n<meta property=\"og:description\" content=\"Llars El Temple ofrece un programa de atenci\u00f3n a menores en Mallorca a trav\u00e9s de la familia para potenciar cualidades y evitar situaciones de riesgo.\" \/>\n<meta property=\"og:url\" content=\"https:\/\/www.llarseltemple.org\/ca\/programes\/atencio-a-families\/atencion-a-familias\/\" \/>\n<meta property=\"og:site_name\" content=\"Llars El Temple\" \/>\n<meta property=\"article:modified_time\" content=\"2019-07-24T06:47:19+00:00\" \/>\n<meta name=\"twitter:card\" content=\"summary_large_image\" \/>\n<meta name=\"twitter:label1\" content=\"Temps estimat de lectura\" \/>\n\t<meta name=\"twitter:data1\" content=\"4 minuts\" \/>\n<script type=\"application\/ld+json\" class=\"yoast-schema-graph\">{\"@context\":\"https:\\\/\\\/schema.org\",\"@graph\":[{\"@type\":\"WebPage\",\"@id\":\"https:\\\/\\\/www.llarseltemple.org\\\/ca\\\/programes\\\/atencio-a-families\\\/atencion-a-familias\\\/\",\"url\":\"https:\\\/\\\/www.llarseltemple.org\\\/ca\\\/programes\\\/atencio-a-families\\\/atencion-a-familias\\\/\",\"name\":\"Programa Re - Creant | Programa atenci\u00f3n a familias Mallorca\",\"isPartOf\":{\"@id\":\"https:\\\/\\\/www.llarseltemple.org\\\/#website\"},\"datePublished\":\"2017-01-11T15:59:28+00:00\",\"dateModified\":\"2019-07-24T06:47:19+00:00\",\"description\":\"Llars El Temple ofrece un programa de atenci\u00f3n a menores en Mallorca a trav\u00e9s de la familia para potenciar cualidades y evitar situaciones de riesgo.\",\"breadcrumb\":{\"@id\":\"https:\\\/\\\/www.llarseltemple.org\\\/ca\\\/programes\\\/atencio-a-families\\\/atencion-a-familias\\\/#breadcrumb\"},\"inLanguage\":\"ca\",\"potentialAction\":[{\"@type\":\"ReadAction\",\"target\":[\"https:\\\/\\\/www.llarseltemple.org\\\/ca\\\/programes\\\/atencio-a-families\\\/atencion-a-familias\\\/\"]}]},{\"@type\":\"BreadcrumbList\",\"@id\":\"https:\\\/\\\/www.llarseltemple.org\\\/ca\\\/programes\\\/atencio-a-families\\\/atencion-a-familias\\\/#breadcrumb\",\"itemListElement\":[{\"@type\":\"ListItem\",\"position\":1,\"name\":\"Portada\",\"item\":\"https:\\\/\\\/www.llarseltemple.org\\\/ca\\\/\"},{\"@type\":\"ListItem\",\"position\":2,\"name\":\"Programes\",\"item\":\"https:\\\/\\\/www.llarseltemple.org\\\/ca\\\/programes\\\/\"},{\"@type\":\"ListItem\",\"position\":3,\"name\":\"Fam\u00edlies\",\"item\":\"https:\\\/\\\/www.llarseltemple.org\\\/ca\\\/programes\\\/atencio-a-families\\\/\"},{\"@type\":\"ListItem\",\"position\":4,\"name\":\"Re-Creant\"}]},{\"@type\":\"WebSite\",\"@id\":\"https:\\\/\\\/www.llarseltemple.org\\\/#website\",\"url\":\"https:\\\/\\\/www.llarseltemple.org\\\/\",\"name\":\"Llars El Temple\",\"description\":\"Palma de Mallorca\",\"potentialAction\":[{\"@type\":\"SearchAction\",\"target\":{\"@type\":\"EntryPoint\",\"urlTemplate\":\"https:\\\/\\\/www.llarseltemple.org\\\/?s={search_term_string}\"},\"query-input\":{\"@type\":\"PropertyValueSpecification\",\"valueRequired\":true,\"valueName\":\"search_term_string\"}}],\"inLanguage\":\"ca\"}]}<\/script>\n<!-- \/ Yoast SEO plugin. -->","yoast_head_json":{"title":"Programa Re - Creant | Programa atenci\u00f3n a familias Mallorca","description":"Llars El Temple ofrece un programa de atenci\u00f3n a menores en Mallorca a trav\u00e9s de la familia para potenciar cualidades y evitar situaciones de riesgo.","robots":{"index":"index","follow":"follow","max-snippet":"max-snippet:-1","max-image-preview":"max-image-preview:large","max-video-preview":"max-video-preview:-1"},"canonical":"https:\/\/www.llarseltemple.org\/ca\/programes\/atencio-a-families\/atencion-a-familias\/","og_locale":"ca_ES","og_type":"article","og_title":"Programa Re - Creant | Programa atenci\u00f3n a familias Mallorca","og_description":"Llars El Temple ofrece un programa de atenci\u00f3n a menores en Mallorca a trav\u00e9s de la familia para potenciar cualidades y evitar situaciones de riesgo.","og_url":"https:\/\/www.llarseltemple.org\/ca\/programes\/atencio-a-families\/atencion-a-familias\/","og_site_name":"Llars El Temple","article_modified_time":"2019-07-24T06:47:19+00:00","twitter_card":"summary_large_image","twitter_misc":{"Temps estimat de lectura":"4 minuts"},"schema":{"@context":"https:\/\/schema.org","@graph":[{"@type":"WebPage","@id":"https:\/\/www.llarseltemple.org\/ca\/programes\/atencio-a-families\/atencion-a-familias\/","url":"https:\/\/www.llarseltemple.org\/ca\/programes\/atencio-a-families\/atencion-a-familias\/","name":"Programa Re - Creant | Programa atenci\u00f3n a familias Mallorca","isPartOf":{"@id":"https:\/\/www.llarseltemple.org\/#website"},"datePublished":"2017-01-11T15:59:28+00:00","dateModified":"2019-07-24T06:47:19+00:00","description":"Llars El Temple ofrece un programa de atenci\u00f3n a menores en Mallorca a trav\u00e9s de la familia para potenciar cualidades y evitar situaciones de riesgo.","breadcrumb":{"@id":"https:\/\/www.llarseltemple.org\/ca\/programes\/atencio-a-families\/atencion-a-familias\/#breadcrumb"},"inLanguage":"ca","potentialAction":[{"@type":"ReadAction","target":["https:\/\/www.llarseltemple.org\/ca\/programes\/atencio-a-families\/atencion-a-familias\/"]}]},{"@type":"BreadcrumbList","@id":"https:\/\/www.llarseltemple.org\/ca\/programes\/atencio-a-families\/atencion-a-familias\/#breadcrumb","itemListElement":[{"@type":"ListItem","position":1,"name":"Portada","item":"https:\/\/www.llarseltemple.org\/ca\/"},{"@type":"ListItem","position":2,"name":"Programes","item":"https:\/\/www.llarseltemple.org\/ca\/programes\/"},{"@type":"ListItem","position":3,"name":"Fam\u00edlies","item":"https:\/\/www.llarseltemple.org\/ca\/programes\/atencio-a-families\/"},{"@type":"ListItem","position":4,"name":"Re-Creant"}]},{"@type":"WebSite","@id":"https:\/\/www.llarseltemple.org\/#website","url":"https:\/\/www.llarseltemple.org\/","name":"Llars El Temple","description":"Palma de Mallorca","potentialAction":[{"@type":"SearchAction","target":{"@type":"EntryPoint","urlTemplate":"https:\/\/www.llarseltemple.org\/?s={search_term_string}"},"query-input":{"@type":"PropertyValueSpecification","valueRequired":true,"valueName":"search_term_string"}}],"inLanguage":"ca"}]}},"_links":{"self":[{"href":"https:\/\/www.llarseltemple.org\/ca\/wp-json\/wp\/v2\/pages\/935","targetHints":{"allow":["GET"]}}],"collection":[{"href":"https:\/\/www.llarseltemple.org\/ca\/wp-json\/wp\/v2\/pages"}],"about":[{"href":"https:\/\/www.llarseltemple.org\/ca\/wp-json\/wp\/v2\/types\/page"}],"author":[{"embeddable":true,"href":"https:\/\/www.llarseltemple.org\/ca\/wp-json\/wp\/v2\/users\/1"}],"replies":[{"embeddable":true,"href":"https:\/\/www.llarseltemple.org\/ca\/wp-json\/wp\/v2\/comments?post=935"}],"version-history":[{"count":4,"href":"https:\/\/www.llarseltemple.org\/ca\/wp-json\/wp\/v2\/pages\/935\/revisions"}],"predecessor-version":[{"id":1263,"href":"https:\/\/www.llarseltemple.org\/ca\/wp-json\/wp\/v2\/pages\/935\/revisions\/1263"}],"up":[{"embeddable":true,"href":"https:\/\/www.llarseltemple.org\/ca\/wp-json\/wp\/v2\/pages\/934"}],"wp:attachment":[{"href":"https:\/\/www.llarseltemple.org\/ca\/wp-json\/wp\/v2\/media?parent=935"}],"curies":[{"name":"wp","href":"https:\/\/api.w.org\/{rel}","templated":true}]}}