{"id":925,"date":"2017-01-11T10:17:36","date_gmt":"2017-01-11T10:17:36","guid":{"rendered":"http:\/\/www.llarseltemple.org\/programas\/atencion-al-menor\/atencion-emocional-y-psicologia\/"},"modified":"2017-03-22T09:24:39","modified_gmt":"2017-03-22T09:24:39","slug":"atencio-emocional-i-psicologica","status":"publish","type":"page","link":"https:\/\/www.llarseltemple.org\/ca\/programes\/atencio-al-menor\/atencio-emocional-i-psicologica\/","title":{"rendered":"Atenci\u00f3 emocional i psicol\u00f2gica"},"content":{"rendered":"<div class=\"wpb-content-wrapper\"><p>[vc_row css_animation=&#8221;&#8221; row_type=&#8221;row&#8221; use_row_as_full_screen_section=&#8221;no&#8221; type=&#8221;full_width&#8221; angled_section=&#8221;no&#8221; text_align=&#8221;left&#8221; background_image_as_pattern=&#8221;without_pattern&#8221;][vc_column width=&#8221;1\/4&#8243;][vc_empty_space height=&#8221;55px&#8221;][vc_column_text css=&#8221;.vc_custom_1484644231963{border-bottom-width: px !important;padding-top: 2px !important;padding-right: 4px !important;padding-bottom: 0px !important;padding-left: 4px !important;background-color: #b01657 !important;border-bottom-color: #b01657 !important;border-bottom-style: solid !important;}&#8221;]<\/p>\n<h3><span style=\"background-color: #b01657; color: #ffffff;\">Programas<\/span><\/h3>\n<p>[\/vc_column_text][vc_empty_space height=&#8221;25px&#8221;][vc_column_text css=&#8221;.vc_custom_1484644256725{border-bottom-width: 1px !important;border-bottom-color: #1db6bc !important;border-bottom-style: solid !important;}&#8221;]<\/p>\n<h4><span style=\"color: #1db6bc;\">Atenci\u00f3n al Menor<\/span><\/h4>\n<p>[\/vc_column_text][vc_empty_space height=&#8221;7px&#8221;][vc_widget_sidebar sidebar_id=&#8221;programa_menores&#8221; el_class=&#8221;titulo_pro_menor&#8221;][vc_empty_space height=&#8221;20px&#8221;][vc_column_text css=&#8221;.vc_custom_1484644395933{border-bottom-width: 1px !important;border-bottom-color: #a1a2ce !important;border-bottom-style: solid !important;}&#8221;]<\/p>\n<h4><span style=\"color: #8b84d7;\">Atenci\u00f3n\u00a0Familias<\/span><\/h4>\n<p>[\/vc_column_text][vc_empty_space height=&#8221;7px&#8221;][vc_widget_sidebar sidebar_id=&#8221;Programa_familias&#8221; el_class=&#8221;titulo_pro_familia&#8221;][vc_empty_space height=&#8221;20px&#8221;][vc_column_text css=&#8221;.vc_custom_1484644366015{border-bottom-width: 1px !important;border-bottom-color: #fcc68a !important;border-bottom-style: solid !important;}&#8221;]<\/p>\n<h4><span style=\"color: #f8ab55;\">Atenci\u00f3n al Personal<\/span><\/h4>\n<p>[\/vc_column_text][vc_empty_space height=&#8221;7px&#8221;][vc_widget_sidebar sidebar_id=&#8221;Programa_personal&#8221; el_class=&#8221;titulo_pro_personal&#8221;][vc_empty_space height=&#8221;20px&#8221;][vc_column_text css=&#8221;.vc_custom_1484736707665{border-bottom-width: 1px !important;border-bottom-color: #009cde !important;border-bottom-style: solid !important;}&#8221;]<\/p>\n<h4><span class=\"participacion\">Participaci\u00f3n<\/span><\/h4>\n<p>[\/vc_column_text][vc_empty_space height=&#8221;7px&#8221;][vc_widget_sidebar sidebar_id=&#8221;Programa_participacion&#8221; el_class=&#8221;titulo_pro_participacion&#8221;][\/vc_column][vc_column width=&#8221;3\/4&#8243;][vc_empty_space height=&#8221;60px&#8221;][vc_column_text]<\/p>\n<h3>Programa \/\/ <span style=\"color: #addee1;\">Atenci\u00f3 al menor<\/span><\/h3>\n<p>[\/vc_column_text][vc_column_text]<\/p>\n<h2 class=\"p1\"><span style=\"color: #1db6bc;\">PROGRAMA D\u2019ATENCI\u00d3 PSICOL\u00d2GICA I EMOCIONAL<\/span><\/h2>\n<p>[\/vc_column_text][vc_empty_space height=&#8221;30px&#8221;][vc_column_text]<\/p>\n<h3 class=\"p1\">QU\u00c8 FEM?<\/h3>\n<p class=\"p1\" style=\"text-align: justify;\"><span class=\"s1\"> El programa d\u2019Atenci\u00f3 Psicol\u00f2gica t\u00e9 com a fonament el suport emocional i afectiu intr\u00ednsec i extr\u00ednsec al nen, nena i adolescent i al seu entorn afectiu, ajudant-lo a recuperar-se dels possibles traumes soferts, prevenir el re-victimisme i afavorir un proc\u00e9s de creixement sa. <\/span><\/p>\n<h3 class=\"p1\"><\/h3>\n<p>[\/vc_column_text][vc_empty_space height=&#8221;40px&#8221;][vc_column_text]<\/p>\n<h3 class=\"p1\">AMB QUINS RECURSOS?<\/h3>\n<p class=\"p1\" style=\"text-align: justify;\"><span class=\"s1\"> La intervenci\u00f3 psicol\u00f2gica es refereix al treball que realitza el psic\u00f2leg de l\u2019Entitat, conjuntament amb els educadors com a pe\u00e7a clau per a la recuperaci\u00f3 dels nens, les nenes i els adolescents. Des de la base de la Teoria de l\u2019Afecci\u00f3 i la Teoria del Trauma s\u2019aborden les dificultats que pot comportar el fet d\u2019educar a nens i principalment a adolescents amb problemes de vincle i les conseq\u00fcents seq\u00fceles que poden presentar. Els trastorns de l\u2019afecci\u00f3 generen caracter\u00edstiques de dif\u00edcil comprensi\u00f3 per a les persones que conviuen amb elles. Generalment s\u00f3n rebutjats i etiquetats. La comprensi\u00f3 del que \u00e9s un trastorn de l\u2019afecci\u00f3 permet realitzar un millor treball, prevenint conductes i situacions que aguditzin encara m\u00e9s les seves dificultats. <\/span><\/p>\n<p>[\/vc_column_text][vc_empty_space height=&#8221;40px&#8221;][vc_column_text]<\/p>\n<h3 class=\"p1\" style=\"text-align: justify;\">COM HO FEM?<\/h3>\n<ul>\n<li class=\"p1\" style=\"text-align: justify;\"><span class=\"s1\"> Entrevista inicial amb el nen o la nena en els primers moments de l\u2019ingr\u00e9s. <\/span><\/li>\n<li class=\"p1\" style=\"text-align: justify;\">Avaluaci\u00f3 en totes les \u00e0rees del nen i la nena: cognitiva, personalitat, intel\u00b7lectiva i f\u00edsica&#8230;<\/li>\n<li class=\"p1\" style=\"text-align: justify;\">Realitzaci\u00f3 i emissi\u00f3 d\u2019informes psicol\u00f2gics; de gran import\u00e0ncia per determinar el diagn\u00f2stic i la intervenci\u00f3 terap\u00e8utica adequada per a cada nen o nena.<\/li>\n<li class=\"p1\" style=\"text-align: justify;\">Planificaci\u00f3 i disseny del tractament terap\u00e8utic individualitzat.<\/li>\n<li class=\"p1\" style=\"text-align: justify;\">Reunions peri\u00f2diques amb els educadors i altres membres de l\u2019equip t\u00e8cnic.<\/li>\n<li class=\"p1\" style=\"text-align: justify;\">Sessions psicoterap\u00e8utiques de quaranta-cinc minuts, setmanals i quinzenals dels nens i nenes que aix\u00ed ho necessitin.<\/li>\n<li class=\"p1\" style=\"text-align: justify;\">Sessions grupals, on es treballen amb un programa d\u2019habilitats socials, resoluci\u00f3 de conflictes, abordatge de preocupacions i orientaci\u00f3 en l\u2019\u00e0rea afectiu i sexual, aix\u00ed com altres tem\u00e0tiques d\u2019inter\u00e8s en el seu desenvolupament evolutiu.<\/li>\n<\/ul>\n<p>[\/vc_column_text][vc_empty_space height=&#8221;60px&#8221;][\/vc_column][\/vc_row]<\/p>\n<\/div>","protected":false},"excerpt":{"rendered":"<p>[vc_row css_animation=&#8221;&#8221; row_type=&#8221;row&#8221; use_row_as_full_screen_section=&#8221;no&#8221; type=&#8221;full_width&#8221; angled_section=&#8221;no&#8221; text_align=&#8221;left&#8221; background_image_as_pattern=&#8221;without_pattern&#8221;][vc_column width=&#8221;1\/4&#8243;][vc_empty_space height=&#8221;55px&#8221;][vc_column_text css=&#8221;.vc_custom_1484644231963{border-bottom-width: px !important;padding-top: 2px !important;padding-right: 4px !important;padding-bottom: 0px !important;padding-left: 4px !important;background-color: #b01657 !important;border-bottom-color: #b01657 !important;border-bottom-style: solid !important;}&#8221;] Programas [\/vc_column_text][vc_empty_space height=&#8221;25px&#8221;][vc_column_text css=&#8221;.vc_custom_1484644256725{border-bottom-width: 1px !important;border-bottom-color: #1db6bc !important;border-bottom-style: solid !important;}&#8221;] Atenci\u00f3n al Menor [\/vc_column_text][vc_empty_space height=&#8221;7px&#8221;][vc_widget_sidebar sidebar_id=&#8221;programa_menores&#8221; el_class=&#8221;titulo_pro_menor&#8221;][vc_empty_space height=&#8221;20px&#8221;][vc_column_text&#8230;<\/p>\n","protected":false},"author":1,"featured_media":0,"parent":924,"menu_order":0,"comment_status":"closed","ping_status":"closed","template":"","meta":{"footnotes":""},"class_list":["post-925","page","type-page","status-publish","hentry"],"yoast_head":"<!-- This site is optimized with the Yoast SEO plugin v27.3 - https:\/\/yoast.com\/product\/yoast-seo-wordpress\/ -->\n<title>Atenci\u00f3n emocional | Atenci\u00f3n psicol\u00f3gica | Atenci\u00f3n menor Palma<\/title>\n<meta name=\"description\" content=\"Llars El Temple ofrece en Palma atenci\u00f3n emocional y psicol\u00f3gica a ni\u00f1os, adolescentes y familias que necesiten superar un trauma o situaci\u00f3n dif\u00edcil.\" \/>\n<meta name=\"robots\" content=\"index, follow, max-snippet:-1, max-image-preview:large, max-video-preview:-1\" \/>\n<link rel=\"canonical\" href=\"https:\/\/www.llarseltemple.org\/ca\/programes\/atencio-al-menor\/atencio-emocional-i-psicologica\/\" \/>\n<meta property=\"og:locale\" content=\"ca_ES\" \/>\n<meta property=\"og:type\" content=\"article\" \/>\n<meta property=\"og:title\" content=\"Atenci\u00f3n emocional | Atenci\u00f3n psicol\u00f3gica | Atenci\u00f3n menor Palma\" \/>\n<meta property=\"og:description\" content=\"Llars El Temple ofrece en Palma atenci\u00f3n emocional y psicol\u00f3gica a ni\u00f1os, adolescentes y familias que necesiten superar un trauma o situaci\u00f3n dif\u00edcil.\" \/>\n<meta property=\"og:url\" content=\"https:\/\/www.llarseltemple.org\/ca\/programes\/atencio-al-menor\/atencio-emocional-i-psicologica\/\" \/>\n<meta property=\"og:site_name\" content=\"Llars El Temple\" \/>\n<meta property=\"article:modified_time\" content=\"2017-03-22T09:24:39+00:00\" \/>\n<meta name=\"twitter:card\" content=\"summary_large_image\" \/>\n<meta name=\"twitter:label1\" content=\"Temps estimat de lectura\" \/>\n\t<meta name=\"twitter:data1\" content=\"3 minuts\" \/>\n<script type=\"application\/ld+json\" class=\"yoast-schema-graph\">{\"@context\":\"https:\\\/\\\/schema.org\",\"@graph\":[{\"@type\":\"WebPage\",\"@id\":\"https:\\\/\\\/www.llarseltemple.org\\\/ca\\\/programes\\\/atencio-al-menor\\\/atencio-emocional-i-psicologica\\\/\",\"url\":\"https:\\\/\\\/www.llarseltemple.org\\\/ca\\\/programes\\\/atencio-al-menor\\\/atencio-emocional-i-psicologica\\\/\",\"name\":\"Atenci\u00f3n emocional | Atenci\u00f3n psicol\u00f3gica | Atenci\u00f3n menor Palma\",\"isPartOf\":{\"@id\":\"https:\\\/\\\/www.llarseltemple.org\\\/#website\"},\"datePublished\":\"2017-01-11T10:17:36+00:00\",\"dateModified\":\"2017-03-22T09:24:39+00:00\",\"description\":\"Llars El Temple ofrece en Palma atenci\u00f3n emocional y psicol\u00f3gica a ni\u00f1os, adolescentes y familias que necesiten superar un trauma o situaci\u00f3n dif\u00edcil.\",\"breadcrumb\":{\"@id\":\"https:\\\/\\\/www.llarseltemple.org\\\/ca\\\/programes\\\/atencio-al-menor\\\/atencio-emocional-i-psicologica\\\/#breadcrumb\"},\"inLanguage\":\"ca\",\"potentialAction\":[{\"@type\":\"ReadAction\",\"target\":[\"https:\\\/\\\/www.llarseltemple.org\\\/ca\\\/programes\\\/atencio-al-menor\\\/atencio-emocional-i-psicologica\\\/\"]}]},{\"@type\":\"BreadcrumbList\",\"@id\":\"https:\\\/\\\/www.llarseltemple.org\\\/ca\\\/programes\\\/atencio-al-menor\\\/atencio-emocional-i-psicologica\\\/#breadcrumb\",\"itemListElement\":[{\"@type\":\"ListItem\",\"position\":1,\"name\":\"Portada\",\"item\":\"https:\\\/\\\/www.llarseltemple.org\\\/ca\\\/\"},{\"@type\":\"ListItem\",\"position\":2,\"name\":\"Programes\",\"item\":\"https:\\\/\\\/www.llarseltemple.org\\\/ca\\\/programes\\\/\"},{\"@type\":\"ListItem\",\"position\":3,\"name\":\"Atenci\u00f3 al menor\",\"item\":\"https:\\\/\\\/www.llarseltemple.org\\\/ca\\\/programes\\\/atencio-al-menor\\\/\"},{\"@type\":\"ListItem\",\"position\":4,\"name\":\"Atenci\u00f3 emocional i psicol\u00f2gica\"}]},{\"@type\":\"WebSite\",\"@id\":\"https:\\\/\\\/www.llarseltemple.org\\\/#website\",\"url\":\"https:\\\/\\\/www.llarseltemple.org\\\/\",\"name\":\"Llars El Temple\",\"description\":\"Palma de Mallorca\",\"potentialAction\":[{\"@type\":\"SearchAction\",\"target\":{\"@type\":\"EntryPoint\",\"urlTemplate\":\"https:\\\/\\\/www.llarseltemple.org\\\/?s={search_term_string}\"},\"query-input\":{\"@type\":\"PropertyValueSpecification\",\"valueRequired\":true,\"valueName\":\"search_term_string\"}}],\"inLanguage\":\"ca\"}]}<\/script>\n<!-- \/ Yoast SEO plugin. -->","yoast_head_json":{"title":"Atenci\u00f3n emocional | Atenci\u00f3n psicol\u00f3gica | Atenci\u00f3n menor Palma","description":"Llars El Temple ofrece en Palma atenci\u00f3n emocional y psicol\u00f3gica a ni\u00f1os, adolescentes y familias que necesiten superar un trauma o situaci\u00f3n dif\u00edcil.","robots":{"index":"index","follow":"follow","max-snippet":"max-snippet:-1","max-image-preview":"max-image-preview:large","max-video-preview":"max-video-preview:-1"},"canonical":"https:\/\/www.llarseltemple.org\/ca\/programes\/atencio-al-menor\/atencio-emocional-i-psicologica\/","og_locale":"ca_ES","og_type":"article","og_title":"Atenci\u00f3n emocional | Atenci\u00f3n psicol\u00f3gica | Atenci\u00f3n menor Palma","og_description":"Llars El Temple ofrece en Palma atenci\u00f3n emocional y psicol\u00f3gica a ni\u00f1os, adolescentes y familias que necesiten superar un trauma o situaci\u00f3n dif\u00edcil.","og_url":"https:\/\/www.llarseltemple.org\/ca\/programes\/atencio-al-menor\/atencio-emocional-i-psicologica\/","og_site_name":"Llars El Temple","article_modified_time":"2017-03-22T09:24:39+00:00","twitter_card":"summary_large_image","twitter_misc":{"Temps estimat de lectura":"3 minuts"},"schema":{"@context":"https:\/\/schema.org","@graph":[{"@type":"WebPage","@id":"https:\/\/www.llarseltemple.org\/ca\/programes\/atencio-al-menor\/atencio-emocional-i-psicologica\/","url":"https:\/\/www.llarseltemple.org\/ca\/programes\/atencio-al-menor\/atencio-emocional-i-psicologica\/","name":"Atenci\u00f3n emocional | Atenci\u00f3n psicol\u00f3gica | Atenci\u00f3n menor Palma","isPartOf":{"@id":"https:\/\/www.llarseltemple.org\/#website"},"datePublished":"2017-01-11T10:17:36+00:00","dateModified":"2017-03-22T09:24:39+00:00","description":"Llars El Temple ofrece en Palma atenci\u00f3n emocional y psicol\u00f3gica a ni\u00f1os, adolescentes y familias que necesiten superar un trauma o situaci\u00f3n dif\u00edcil.","breadcrumb":{"@id":"https:\/\/www.llarseltemple.org\/ca\/programes\/atencio-al-menor\/atencio-emocional-i-psicologica\/#breadcrumb"},"inLanguage":"ca","potentialAction":[{"@type":"ReadAction","target":["https:\/\/www.llarseltemple.org\/ca\/programes\/atencio-al-menor\/atencio-emocional-i-psicologica\/"]}]},{"@type":"BreadcrumbList","@id":"https:\/\/www.llarseltemple.org\/ca\/programes\/atencio-al-menor\/atencio-emocional-i-psicologica\/#breadcrumb","itemListElement":[{"@type":"ListItem","position":1,"name":"Portada","item":"https:\/\/www.llarseltemple.org\/ca\/"},{"@type":"ListItem","position":2,"name":"Programes","item":"https:\/\/www.llarseltemple.org\/ca\/programes\/"},{"@type":"ListItem","position":3,"name":"Atenci\u00f3 al menor","item":"https:\/\/www.llarseltemple.org\/ca\/programes\/atencio-al-menor\/"},{"@type":"ListItem","position":4,"name":"Atenci\u00f3 emocional i psicol\u00f2gica"}]},{"@type":"WebSite","@id":"https:\/\/www.llarseltemple.org\/#website","url":"https:\/\/www.llarseltemple.org\/","name":"Llars El Temple","description":"Palma de Mallorca","potentialAction":[{"@type":"SearchAction","target":{"@type":"EntryPoint","urlTemplate":"https:\/\/www.llarseltemple.org\/?s={search_term_string}"},"query-input":{"@type":"PropertyValueSpecification","valueRequired":true,"valueName":"search_term_string"}}],"inLanguage":"ca"}]}},"_links":{"self":[{"href":"https:\/\/www.llarseltemple.org\/ca\/wp-json\/wp\/v2\/pages\/925","targetHints":{"allow":["GET"]}}],"collection":[{"href":"https:\/\/www.llarseltemple.org\/ca\/wp-json\/wp\/v2\/pages"}],"about":[{"href":"https:\/\/www.llarseltemple.org\/ca\/wp-json\/wp\/v2\/types\/page"}],"author":[{"embeddable":true,"href":"https:\/\/www.llarseltemple.org\/ca\/wp-json\/wp\/v2\/users\/1"}],"replies":[{"embeddable":true,"href":"https:\/\/www.llarseltemple.org\/ca\/wp-json\/wp\/v2\/comments?post=925"}],"version-history":[{"count":5,"href":"https:\/\/www.llarseltemple.org\/ca\/wp-json\/wp\/v2\/pages\/925\/revisions"}],"predecessor-version":[{"id":1071,"href":"https:\/\/www.llarseltemple.org\/ca\/wp-json\/wp\/v2\/pages\/925\/revisions\/1071"}],"up":[{"embeddable":true,"href":"https:\/\/www.llarseltemple.org\/ca\/wp-json\/wp\/v2\/pages\/924"}],"wp:attachment":[{"href":"https:\/\/www.llarseltemple.org\/ca\/wp-json\/wp\/v2\/media?parent=925"}],"curies":[{"name":"wp","href":"https:\/\/api.w.org\/{rel}","templated":true}]}}