{"id":1620,"date":"2025-07-11T13:32:51","date_gmt":"2025-07-11T13:32:51","guid":{"rendered":"https:\/\/www.llarseltemple.org\/?page_id=1620"},"modified":"2025-07-11T13:46:17","modified_gmt":"2025-07-11T13:46:17","slug":"canal-etic","status":"publish","type":"page","link":"https:\/\/www.llarseltemple.org\/ca\/l-entidad\/canal-etic\/","title":{"rendered":"Canal \u00e8tic"},"content":{"rendered":"<div class=\"wpb-content-wrapper\"><p>[vc_row css_animation=&#8221;&#8221; row_type=&#8221;row&#8221; use_row_as_full_screen_section=&#8221;no&#8221; type=&#8221;full_width&#8221; angled_section=&#8221;no&#8221; text_align=&#8221;left&#8221; background_image_as_pattern=&#8221;without_pattern&#8221;][vc_column width=&#8221;1\/4&#8243;][vc_empty_space height=&#8221;120px&#8221;][vc_widget_sidebar sidebar_id=&#8221;menu_el_centro&#8221; el_class=&#8221;menu_lateral&#8221;][\/vc_column][vc_column width=&#8221;3\/4&#8243;][vc_empty_space height=&#8221;60px&#8221;][vc_column_text css=&#8221;&#8221;]<\/p>\n<h2 class=\"p1\">Canal \u00e8tic intern de LLARS EL TEMPLE<\/h2>\n<p>&nbsp;<\/p>\n<p class=\"p1\"><b>\u00bfQu\u00e8 \u00e9s el Canal \u00c8tic?<span class=\"Apple-converted-space\">\u00a0<\/span><\/b><\/p>\n<p class=\"p2\">COMUNIDAD EN PALMA DE MALLORCA DE RELIGIOSAS TRINITARIAS TERCIARIAS-LLARS EL TEMPLE compta amb un Canal \u00c8tic que permet elevar qualsevol possible irregularitat, incompliment o comportament contrari a la \u00e8tica, la legalitat i les normes que regeixen la Entitat. Aquest canal tamb\u00e9 permet reportar possibles situacions de assetjament moral, sexual, per ra\u00f3 de sexe i de tracte discriminatori.<\/p>\n<p class=\"p2\">El canal es basa en els principis de confidencialitat i prohibici\u00f3 de repres\u00e0lies. \u00c9s possible realitzar comunicacions an\u00f2nimes, si b\u00e9 t\u2019animem a identificar-te per a poder comunicar-nos amb tu en cas de necessitar informaci\u00f3 addicional.<\/p>\n<p class=\"p2\">El Canal \u00c8tic complementa i no substitueix els canals de comunicaci\u00f3 habituals de la Entitat amb els seus empleats, col\u00b7laboradors o altres tercers amb els que mant\u00e9 una relaci\u00f3 laboral, comercial o professional directa. En aquest sentit els interessats procuraran utilitzar dits canals per a la resoluci\u00f3 efectiva de cada cas, amb car\u00e0cter previ al Canal \u00c8tic.<\/p>\n<p class=\"p2\">El Canal\u00a0\u00c8tic\u00a0no \u00e9s\u00a0est\u00e0\u00a0habilitat\u00a0per\u00a0plantejar\u00a0consultes i\/o\u00a0dubtes\u00a0sobre la\u00a0interpretaci\u00f3\u00a0de la\u00a0legalitat\u00a0i\u00a0normes\u00a0de la Entitat. Per a aix\u00f2 pot enviar un correu a la seg\u00fcent adre\u00e7a gestion@llarseltemple.org.<\/p>\n<p class=\"p2\">Gr\u00e0cies a aquesta plataforma, i amb la teva col\u00b7laboraci\u00f3 responsable, podem detectar si s&#8217;estan produint<span class=\"s1\">\u202f<\/span>conductes que contravinguin als nostres principis.<\/p>\n<p class=\"p1\"><b>\u00bfQui pot ser informant?<\/b><\/p>\n<p class=\"p2\">Qualsevol empleat o administrador de la Entitat, aix\u00ed com qualsevol persona que treballi sota la supervisi\u00f3 i la direcci\u00f3 de prove\u00efdors, contractistes i subcontractistes de la Entitat que, en un context laboral (tant si la relaci\u00f3 laboral encara no ha comen\u00e7at, com si aquesta ja ha finalitzat), comercial o professional, hagi tingut coneixement d&#8217;infraccions, irregularitats o incompliments.<\/p>\n<p class=\"p1\"><b>\u00bfCom puc accedir al Canal \u00c8tic?<\/b><\/p>\n<p class=\"p2\">Pots accedir al Canal \u00c8tic a trav\u00e9s a trav\u00e9s de l\u2019enlla\u00e7 que trobar\u00e0s en aquesta p\u00e0gina que el connecta a la plataforma externa, segura i confidencial, on les teves comunicacions quedaran registrades garantint la confidencialitat i integritat en tot moment. El Canal \u00c8tic est\u00e0 disponible les 24 hores del dia i permet comunicar incid\u00e8ncies de manera escrita. El Canal \u00c8tic es troba en una plataforma contractada a un prove\u00efdor extern, brindant de majors garanties de seguretat i confidencialitat als informants.<\/p>\n<p class=\"p2\">Una vegada hagis interposat la teva comunicaci\u00f3, podr\u00e0s fer seguiment de la mateixa mitjan\u00e7ant la contrasenya d&#8217;acc\u00e9s generada autom\u00e0ticament.<\/p>\n<p class=\"p2\">Per a accedir al formulari habilitat en el Canal \u00c8tic haur\u00e0s d&#8217;acceptar pr\u00e8viament la Pol\u00edtica de Privacitat.<\/p>\n<p class=\"p1\"><b>\u00bfPuc reportar de forma an\u00f2nima?<\/b><\/p>\n<p class=\"p1\">S\u00ed, si b\u00e9 t&#8217;animem que t&#8217;identifiquis, ja que ens permet dur a terme una recerca m\u00e9s eficient dels fets reportats. Tingues en compte que la Entitat garantir\u00e0 sempre la confidencialitat de les comunicacions rebudes a trav\u00e9s del Canal \u00c8tic o els altres canals interns habilitats a aquest efecte aix\u00ed com la no adopci\u00f3 de repres\u00e0lies.<\/p>\n<p class=\"p1\"><b>\u00bfQuina informaci\u00f3 s\u2019ha d\u2019aportar al fer la comunicaci\u00f3?<\/b><\/p>\n<p class=\"p1\">Per a poder valorar una comunicaci\u00f3, aquesta ha de contenir:<br \/>\n1. Dades identificatives de la persona que realitza la comunicaci\u00f3 (excepte quan s&#8217;opti per l&#8217;anonimat);<br \/>\n2. Si es coneixen, dades identificatives de la persona\/s a les quals s&#8217;atribueix la incid\u00e8ncia;<br \/>\n3. Una descripci\u00f3 dels fets denunciats, concretant en la mesura dels possible la vulneraci\u00f3 de la normativa que s&#8217;apreci\u00ef, la data, persones implicades i testimonis; i<br \/>\n4. Si es compta amb elles, proves o evid\u00e8ncies que suportin els fets comunicats.<\/p>\n<p class=\"p2\"><b>\u00bfQuines s\u00f3n las garanties en cas d\u2019utilitzar el Canal \u00c8tic?<\/b><\/p>\n<p class=\"p2\">El Canal \u00c8tic compta amb les mesures de seguretat t\u00e8cniques i organitzatives adequades per a evitar el risc de divulgaci\u00f3, indisponibilitat i p\u00e8rdua o destrucci\u00f3 de la informaci\u00f3.<br \/>\nEl Responsable del Sistema i qualsevol altra persona que, sempre que sigui estrictament necessari per a l&#8217;adequada gesti\u00f3 de la comunicaci\u00f3, tinguin coneixement d&#8217;aquesta, estaran obligades a mantenir rigorosa confidencialitat de les comunicacions en tots els seus extrems, incloent-hi les dades de les parts intervinents en el proc\u00e9s, especialment sobre la identitat tant de l&#8217;informant com de la persona denunciada. A m\u00e9s, la persona que faci \u00fas del Canal \u00c8tic pot formular la comunicaci\u00f3 de manera an\u00f2nima. La Entitat protegir\u00e0 a tota persona que utilitzi el Canal \u00c8tic de bona fe de qualsevol tipus de repres\u00e0lies. No obstant aix\u00f2, la realitzaci\u00f3 de den\u00fancies falses pot portar aparellada la imposici\u00f3 de mesures disciplin\u00e0ries.<\/p>\n<p class=\"p2\"><b>Qu\u00e8\u00a0succeeix despr\u00e9s d&#8217;haver presentat una comunicaci\u00f3?<\/b><\/p>\n<p class=\"p2\">Una vegada plantejada la comunicaci\u00f3 sobre una possible incid\u00e8ncia, l&#8217;informant rebr\u00e0 un justificant de recepci\u00f3 de la mateixa en un termini no superior a 7 dies h\u00e0bils de la recepci\u00f3 d&#8217;aquesta. Despr\u00e9s de realitzar una primera an\u00e0lisi de plausibilitat de la incid\u00e8ncia, el Responsable del Sistema decidir\u00e0 sobre l&#8217;admissi\u00f3 a tr\u00e0mit de la comunicaci\u00f3 en cas de considerar que la mateixa pot ser potencialment vera\u00e7, o la inadmissi\u00f3 de la comunicaci\u00f3 per falta d&#8217;indicis raonables, per no contenir els requisits m\u00ednims exigits o per haver estat els mateixos fets, denunciats davant qualsevol \u00f2rgan judicial o administratiu. De ser admesa la comunicaci\u00f3, el Responsable del Sistema nomenar\u00e0 un instructor del cas que dur\u00e0 a terme la recerca dels fets de manera objectiva, exhaustiva i professional.<\/p>\n<p class=\"p2\">Conclosa la recerca, s&#8217;informar\u00e0 els subjectes investigats de les decisions adoptades, i s&#8217;informar\u00e0 l&#8217;informant, sempre que sigui possible, de la conclusi\u00f3 del procediment, aix\u00ed com del resultat en termes generals.<\/p>\n<p><a href=\"https:\/\/centinela.lefebvre.es\/public\/concept\/2341426?access=UAHck6RgQp10uCL2TfeVT2p0rvu2VH08beETI4QoUMo%3d\" target=\"_blank\" rel=\"noopener\">https:\/\/centinela.lefebvre.es\/public\/concept\/2341426?access=UAHck6RgQp10uCL2TfeVT2p0rvu2VH08beETI4QoUMo%3d<\/a>[\/vc_column_text][vc_empty_space height=&#8221;100px&#8221;][\/vc_column][\/vc_row]<\/p>\n<\/div>","protected":false},"excerpt":{"rendered":"<p>[vc_row css_animation=&#8221;&#8221; row_type=&#8221;row&#8221; use_row_as_full_screen_section=&#8221;no&#8221; type=&#8221;full_width&#8221; angled_section=&#8221;no&#8221; text_align=&#8221;left&#8221; background_image_as_pattern=&#8221;without_pattern&#8221;][vc_column width=&#8221;1\/4&#8243;][vc_empty_space height=&#8221;120px&#8221;][vc_widget_sidebar sidebar_id=&#8221;menu_el_centro&#8221; el_class=&#8221;menu_lateral&#8221;][\/vc_column][vc_column width=&#8221;3\/4&#8243;][vc_empty_space height=&#8221;60px&#8221;][vc_column_text css=&#8221;&#8221;] Canal \u00e8tic intern de LLARS EL TEMPLE &nbsp; \u00bfQu\u00e8 \u00e9s el Canal \u00c8tic?\u00a0 COMUNIDAD EN PALMA DE MALLORCA DE RELIGIOSAS TRINITARIAS TERCIARIAS-LLARS EL TEMPLE compta amb un Canal \u00c8tic que&#8230;<\/p>\n","protected":false},"author":1,"featured_media":0,"parent":917,"menu_order":0,"comment_status":"closed","ping_status":"closed","template":"","meta":{"footnotes":""},"class_list":["post-1620","page","type-page","status-publish","hentry"],"yoast_head":"<!-- This site is optimized with the Yoast SEO plugin v27.3 - https:\/\/yoast.com\/product\/yoast-seo-wordpress\/ -->\n<title>Canal \u00e8tic - Llars El Temple<\/title>\n<meta name=\"description\" content=\"EL TEMPLE compta amb un Canal \u00c8tic que permet elevar qualsevol possible irregularitat, incompliment o comportament contrari a la \u00e8tica\" \/>\n<meta name=\"robots\" content=\"index, follow, max-snippet:-1, max-image-preview:large, max-video-preview:-1\" \/>\n<link rel=\"canonical\" href=\"https:\/\/www.llarseltemple.org\/ca\/l-entidad\/canal-etic\/\" \/>\n<meta property=\"og:locale\" content=\"ca_ES\" \/>\n<meta property=\"og:type\" content=\"article\" \/>\n<meta property=\"og:title\" content=\"Canal \u00e8tic - Llars El Temple\" \/>\n<meta property=\"og:description\" content=\"EL TEMPLE compta amb un Canal \u00c8tic que permet elevar qualsevol possible irregularitat, incompliment o comportament contrari a la \u00e8tica\" \/>\n<meta property=\"og:url\" content=\"https:\/\/www.llarseltemple.org\/ca\/l-entidad\/canal-etic\/\" \/>\n<meta property=\"og:site_name\" content=\"Llars El Temple\" \/>\n<meta property=\"article:modified_time\" content=\"2025-07-11T13:46:17+00:00\" \/>\n<meta name=\"twitter:card\" content=\"summary_large_image\" \/>\n<meta name=\"twitter:label1\" content=\"Temps estimat de lectura\" \/>\n\t<meta name=\"twitter:data1\" content=\"5 minuts\" \/>\n<script type=\"application\/ld+json\" class=\"yoast-schema-graph\">{\"@context\":\"https:\\\/\\\/schema.org\",\"@graph\":[{\"@type\":\"WebPage\",\"@id\":\"https:\\\/\\\/www.llarseltemple.org\\\/ca\\\/l-entidad\\\/canal-etic\\\/\",\"url\":\"https:\\\/\\\/www.llarseltemple.org\\\/ca\\\/l-entidad\\\/canal-etic\\\/\",\"name\":\"Canal \u00e8tic - Llars El Temple\",\"isPartOf\":{\"@id\":\"https:\\\/\\\/www.llarseltemple.org\\\/#website\"},\"datePublished\":\"2025-07-11T13:32:51+00:00\",\"dateModified\":\"2025-07-11T13:46:17+00:00\",\"description\":\"EL TEMPLE compta amb un Canal \u00c8tic que permet elevar qualsevol possible irregularitat, incompliment o comportament contrari a la \u00e8tica\",\"breadcrumb\":{\"@id\":\"https:\\\/\\\/www.llarseltemple.org\\\/ca\\\/l-entidad\\\/canal-etic\\\/#breadcrumb\"},\"inLanguage\":\"ca\",\"potentialAction\":[{\"@type\":\"ReadAction\",\"target\":[\"https:\\\/\\\/www.llarseltemple.org\\\/ca\\\/l-entidad\\\/canal-etic\\\/\"]}]},{\"@type\":\"BreadcrumbList\",\"@id\":\"https:\\\/\\\/www.llarseltemple.org\\\/ca\\\/l-entidad\\\/canal-etic\\\/#breadcrumb\",\"itemListElement\":[{\"@type\":\"ListItem\",\"position\":1,\"name\":\"Portada\",\"item\":\"https:\\\/\\\/www.llarseltemple.org\\\/ca\\\/\"},{\"@type\":\"ListItem\",\"position\":2,\"name\":\"L\u00b4Entidad\",\"item\":\"https:\\\/\\\/www.llarseltemple.org\\\/ca\\\/\"},{\"@type\":\"ListItem\",\"position\":3,\"name\":\"Canal \u00e8tic\"}]},{\"@type\":\"WebSite\",\"@id\":\"https:\\\/\\\/www.llarseltemple.org\\\/#website\",\"url\":\"https:\\\/\\\/www.llarseltemple.org\\\/\",\"name\":\"Llars El Temple\",\"description\":\"Palma de Mallorca\",\"potentialAction\":[{\"@type\":\"SearchAction\",\"target\":{\"@type\":\"EntryPoint\",\"urlTemplate\":\"https:\\\/\\\/www.llarseltemple.org\\\/?s={search_term_string}\"},\"query-input\":{\"@type\":\"PropertyValueSpecification\",\"valueRequired\":true,\"valueName\":\"search_term_string\"}}],\"inLanguage\":\"ca\"}]}<\/script>\n<!-- \/ Yoast SEO plugin. -->","yoast_head_json":{"title":"Canal \u00e8tic - Llars El Temple","description":"EL TEMPLE compta amb un Canal \u00c8tic que permet elevar qualsevol possible irregularitat, incompliment o comportament contrari a la \u00e8tica","robots":{"index":"index","follow":"follow","max-snippet":"max-snippet:-1","max-image-preview":"max-image-preview:large","max-video-preview":"max-video-preview:-1"},"canonical":"https:\/\/www.llarseltemple.org\/ca\/l-entidad\/canal-etic\/","og_locale":"ca_ES","og_type":"article","og_title":"Canal \u00e8tic - Llars El Temple","og_description":"EL TEMPLE compta amb un Canal \u00c8tic que permet elevar qualsevol possible irregularitat, incompliment o comportament contrari a la \u00e8tica","og_url":"https:\/\/www.llarseltemple.org\/ca\/l-entidad\/canal-etic\/","og_site_name":"Llars El Temple","article_modified_time":"2025-07-11T13:46:17+00:00","twitter_card":"summary_large_image","twitter_misc":{"Temps estimat de lectura":"5 minuts"},"schema":{"@context":"https:\/\/schema.org","@graph":[{"@type":"WebPage","@id":"https:\/\/www.llarseltemple.org\/ca\/l-entidad\/canal-etic\/","url":"https:\/\/www.llarseltemple.org\/ca\/l-entidad\/canal-etic\/","name":"Canal \u00e8tic - Llars El Temple","isPartOf":{"@id":"https:\/\/www.llarseltemple.org\/#website"},"datePublished":"2025-07-11T13:32:51+00:00","dateModified":"2025-07-11T13:46:17+00:00","description":"EL TEMPLE compta amb un Canal \u00c8tic que permet elevar qualsevol possible irregularitat, incompliment o comportament contrari a la \u00e8tica","breadcrumb":{"@id":"https:\/\/www.llarseltemple.org\/ca\/l-entidad\/canal-etic\/#breadcrumb"},"inLanguage":"ca","potentialAction":[{"@type":"ReadAction","target":["https:\/\/www.llarseltemple.org\/ca\/l-entidad\/canal-etic\/"]}]},{"@type":"BreadcrumbList","@id":"https:\/\/www.llarseltemple.org\/ca\/l-entidad\/canal-etic\/#breadcrumb","itemListElement":[{"@type":"ListItem","position":1,"name":"Portada","item":"https:\/\/www.llarseltemple.org\/ca\/"},{"@type":"ListItem","position":2,"name":"L\u00b4Entidad","item":"https:\/\/www.llarseltemple.org\/ca\/"},{"@type":"ListItem","position":3,"name":"Canal \u00e8tic"}]},{"@type":"WebSite","@id":"https:\/\/www.llarseltemple.org\/#website","url":"https:\/\/www.llarseltemple.org\/","name":"Llars El Temple","description":"Palma de Mallorca","potentialAction":[{"@type":"SearchAction","target":{"@type":"EntryPoint","urlTemplate":"https:\/\/www.llarseltemple.org\/?s={search_term_string}"},"query-input":{"@type":"PropertyValueSpecification","valueRequired":true,"valueName":"search_term_string"}}],"inLanguage":"ca"}]}},"_links":{"self":[{"href":"https:\/\/www.llarseltemple.org\/ca\/wp-json\/wp\/v2\/pages\/1620","targetHints":{"allow":["GET"]}}],"collection":[{"href":"https:\/\/www.llarseltemple.org\/ca\/wp-json\/wp\/v2\/pages"}],"about":[{"href":"https:\/\/www.llarseltemple.org\/ca\/wp-json\/wp\/v2\/types\/page"}],"author":[{"embeddable":true,"href":"https:\/\/www.llarseltemple.org\/ca\/wp-json\/wp\/v2\/users\/1"}],"replies":[{"embeddable":true,"href":"https:\/\/www.llarseltemple.org\/ca\/wp-json\/wp\/v2\/comments?post=1620"}],"version-history":[{"count":6,"href":"https:\/\/www.llarseltemple.org\/ca\/wp-json\/wp\/v2\/pages\/1620\/revisions"}],"predecessor-version":[{"id":1637,"href":"https:\/\/www.llarseltemple.org\/ca\/wp-json\/wp\/v2\/pages\/1620\/revisions\/1637"}],"up":[{"embeddable":true,"href":"https:\/\/www.llarseltemple.org\/ca\/wp-json\/wp\/v2\/pages\/917"}],"wp:attachment":[{"href":"https:\/\/www.llarseltemple.org\/ca\/wp-json\/wp\/v2\/media?parent=1620"}],"curies":[{"name":"wp","href":"https:\/\/api.w.org\/{rel}","templated":true}]}}